{"id":9083,"date":"2022-04-04T13:13:24","date_gmt":"2022-04-04T11:13:24","guid":{"rendered":"https:\/\/emoble.es\/expedition-et-retours-de-couvertures-de-radiateur-chez-emoble-es\/"},"modified":"2022-04-27T09:43:49","modified_gmt":"2022-04-27T07:43:49","slug":"expedition-et-retours-de-couvertures-de-radiateur-chez-emoble-es","status":"publish","type":"page","link":"https:\/\/emoble.es\/fr\/expedition-et-retours-de-couvertures-de-radiateur-chez-emoble-es\/","title":{"rendered":"Exp\u00e9dition et retours de couvertures de radiateur chez Emoble.es"},"content":{"rendered":"\t\t<div data-elementor-type=\"wp-page\" data-elementor-id=\"9083\" class=\"elementor elementor-9083 elementor-1529\" data-elementor-post-type=\"page\">\n\t\t\t\t\t\t<section class=\"elementor-section elementor-top-section elementor-element elementor-element-37e0088 elementor-section-boxed elementor-section-height-default elementor-section-height-default\" data-id=\"37e0088\" data-element_type=\"section\" data-e-type=\"section\" data-settings=\"{&quot;background_background&quot;:&quot;gradient&quot;}\">\n\t\t\t\t\t\t\t<div class=\"elementor-background-overlay\"><\/div>\n\t\t\t\t\t\t\t<div class=\"elementor-container elementor-column-gap-default\">\n\t\t\t\t\t<div class=\"elementor-column elementor-col-100 elementor-top-column elementor-element elementor-element-83ca240\" data-id=\"83ca240\" data-element_type=\"column\" data-e-type=\"column\">\n\t\t\t<div class=\"elementor-widget-wrap elementor-element-populated\">\n\t\t\t\t\t\t<section class=\"elementor-section elementor-inner-section elementor-element elementor-element-a2230a2 elementor-section-boxed elementor-section-height-default elementor-section-height-default\" data-id=\"a2230a2\" data-element_type=\"section\" data-e-type=\"section\">\n\t\t\t\t\t\t<div class=\"elementor-container elementor-column-gap-default\">\n\t\t\t\t\t<div class=\"elementor-column elementor-col-50 elementor-inner-column elementor-element elementor-element-a8771d1\" data-id=\"a8771d1\" data-element_type=\"column\" data-e-type=\"column\" data-settings=\"{&quot;background_background&quot;:&quot;classic&quot;}\">\n\t\t\t<div class=\"elementor-widget-wrap elementor-element-populated\">\n\t\t\t\t\t<div class=\"elementor-background-overlay\"><\/div>\n\t\t\t\t\t\t<div class=\"elementor-element elementor-element-9e27e12 elementor-widget elementor-widget-heading\" data-id=\"9e27e12\" data-element_type=\"widget\" data-e-type=\"widget\" data-widget_type=\"heading.default\">\n\t\t\t\t<div class=\"elementor-widget-container\">\n\t\t\t\t\t<p class=\"elementor-heading-title elementor-size-default\">Aider<\/p>\t\t\t\t<\/div>\n\t\t\t\t<\/div>\n\t\t\t\t\t<\/div>\n\t\t<\/div>\n\t\t\t\t<div class=\"elementor-column elementor-col-50 elementor-inner-column elementor-element elementor-element-41c246e\" data-id=\"41c246e\" data-element_type=\"column\" data-e-type=\"column\">\n\t\t\t<div class=\"elementor-widget-wrap\">\n\t\t\t\t\t\t\t<\/div>\n\t\t<\/div>\n\t\t\t\t\t<\/div>\n\t\t<\/section>\n\t\t\t\t<div class=\"elementor-element elementor-element-6f14db6 elementor-widget elementor-widget-heading\" data-id=\"6f14db6\" data-element_type=\"widget\" data-e-type=\"widget\" data-widget_type=\"heading.default\">\n\t\t\t\t<div class=\"elementor-widget-container\">\n\t\t\t\t\t<h2 class=\"elementor-heading-title elementor-size-default\">Exp\u00e9dition &amp; retours<\/h2>\t\t\t\t<\/div>\n\t\t\t\t<\/div>\n\t\t\t\t\t<\/div>\n\t\t<\/div>\n\t\t\t\t\t<\/div>\n\t\t<\/section>\n\t\t\t\t<section class=\"elementor-section elementor-top-section elementor-element elementor-element-cdf79f8 elementor-section-boxed elementor-section-height-default elementor-section-height-default\" data-id=\"cdf79f8\" data-element_type=\"section\" data-e-type=\"section\">\n\t\t\t\t\t\t<div class=\"elementor-container elementor-column-gap-default\">\n\t\t\t\t\t<div class=\"elementor-column elementor-col-100 elementor-top-column elementor-element elementor-element-0a41014\" data-id=\"0a41014\" data-element_type=\"column\" data-e-type=\"column\">\n\t\t\t<div class=\"elementor-widget-wrap elementor-element-populated\">\n\t\t\t\t\t\t<div class=\"elementor-element elementor-element-88b3929 elementor-widget elementor-widget-heading\" data-id=\"88b3929\" data-element_type=\"widget\" data-e-type=\"widget\" data-widget_type=\"heading.default\">\n\t\t\t\t<div class=\"elementor-widget-container\">\n\t\t\t\t\t<h2 class=\"elementor-heading-title elementor-size-default\">Date de livraison<\/h2>\t\t\t\t<\/div>\n\t\t\t\t<\/div>\n\t\t\t\t<section class=\"elementor-section elementor-inner-section elementor-element elementor-element-b332379 elementor-section-boxed elementor-section-height-default elementor-section-height-default\" data-id=\"b332379\" data-element_type=\"section\" data-e-type=\"section\">\n\t\t\t\t\t\t<div class=\"elementor-container elementor-column-gap-default\">\n\t\t\t\t\t<div class=\"elementor-column elementor-col-50 elementor-inner-column elementor-element elementor-element-b8304ff\" data-id=\"b8304ff\" data-element_type=\"column\" data-e-type=\"column\">\n\t\t\t<div class=\"elementor-widget-wrap elementor-element-populated\">\n\t\t\t\t\t\t<div class=\"elementor-element elementor-element-2336f94 elementor-widget elementor-widget-text-editor\" data-id=\"2336f94\" data-element_type=\"widget\" data-e-type=\"widget\" data-widget_type=\"text-editor.default\">\n\t\t\t\t<div class=\"elementor-widget-container\">\n\t\t\t\t\t\t\t\t\t<p>Tous nos meubles de couverture de radiateur sont fabriqu\u00e9s sur mesure pour chaque client, cela n\u00e9cessite un processus de fabrication, dans lequel nous travaillons constamment pour le rendre aussi rapide que possible. Les travaux bien faits et sur mesure demandent du temps.<\/p><p>Nos d\u00e9lais de fabrication et de livraison au client sont de 35 \u00e0 40 jours environ \u00e0 partir du moment o\u00f9 le client valide la commande et effectue le paiement. Dans tous les cas, lorsque nous vous donnerons la confirmation de commande, vous serez inform\u00e9 de la date approximative de livraison. Nous essaierons toujours de garder les temps aussi courts que possible et nous y parviendrons g\u00e9n\u00e9ralement.<\/p><p>Les commandes quittent g\u00e9n\u00e9ralement l&rsquo;usine dans les 30 jours suivant la confirmation de la commande. Parfois, certains facteurs peuvent l\u00e9g\u00e8rement retarder la livraison. Par exemple, l&rsquo;agence de transport effectue des exp\u00e9ditions du lundi au vendredi le matin ou l&rsquo;apr\u00e8s-midi, n&rsquo;\u00e9tant pas une agence g\u00e9n\u00e9raliste mais sp\u00e9cialiste de la logistique du meuble, ses d\u00e9lais de livraison sont plus longs, au moins une semaine \u00e0 partir de son d\u00e9part d&rsquo;usine, cela peut \u00eatre une raison pour laquelle votre commande peut prendre un certain temps pour arriver.<\/p>\t\t\t\t\t\t\t\t<\/div>\n\t\t\t\t<\/div>\n\t\t\t\t\t<\/div>\n\t\t<\/div>\n\t\t\t\t<div class=\"elementor-column elementor-col-50 elementor-inner-column elementor-element elementor-element-10a6c43\" data-id=\"10a6c43\" data-element_type=\"column\" data-e-type=\"column\">\n\t\t\t<div class=\"elementor-widget-wrap elementor-element-populated\">\n\t\t\t\t\t\t<div class=\"elementor-element elementor-element-0186ba3 elementor-widget elementor-widget-image\" data-id=\"0186ba3\" data-element_type=\"widget\" data-e-type=\"widget\" data-widget_type=\"image.default\">\n\t\t\t\t<div class=\"elementor-widget-container\">\n\t\t\t\t\t\t\t\t\t\t\t\t\t\t\t<img fetchpriority=\"high\" decoding=\"async\" width=\"800\" height=\"506\" src=\"https:\/\/emoble.es\/wp-content\/uploads\/2022\/04\/cubreradiador-embalaje-1024x648.jpg\" class=\"attachment-large size-large wp-image-7587\" alt=\"\" srcset=\"https:\/\/emoble.es\/wp-content\/uploads\/2022\/04\/cubreradiador-embalaje-1024x648.jpg 1024w, https:\/\/emoble.es\/wp-content\/uploads\/2022\/04\/cubreradiador-embalaje-300x190.jpg 300w, https:\/\/emoble.es\/wp-content\/uploads\/2022\/04\/cubreradiador-embalaje-768x486.jpg 768w, https:\/\/emoble.es\/wp-content\/uploads\/2022\/04\/cubreradiador-embalaje.jpg 1045w\" sizes=\"(max-width: 800px) 100vw, 800px\" \/>\t\t\t\t\t\t\t\t\t\t\t\t\t\t\t<\/div>\n\t\t\t\t<\/div>\n\t\t\t\t<div class=\"elementor-element elementor-element-f2e82e4 elementor-widget elementor-widget-text-editor\" data-id=\"f2e82e4\" data-element_type=\"widget\" data-e-type=\"widget\" data-widget_type=\"text-editor.default\">\n\t\t\t\t<div class=\"elementor-widget-container\">\n\t\t\t\t\t\t\t\t\t<p>Gardez \u00e0 l&rsquo;esprit que, si votre population est \u00e9loign\u00e9e d&rsquo;un grand centre urbain ou d&rsquo;une grande ville, ou compte peu d&rsquo;habitants, le choix des jours de livraison ne sera pas aussi \u00e9tendu, de m\u00eame que la possibilit\u00e9 de livraison le matin ou l&rsquo;apr\u00e8s-midi. Dans ces cas, il y aura \u00e9galement un d\u00e9lai possible de 3 \u00e0 5 jours.<\/p>\t\t\t\t\t\t\t\t<\/div>\n\t\t\t\t<\/div>\n\t\t\t\t\t<\/div>\n\t\t<\/div>\n\t\t\t\t\t<\/div>\n\t\t<\/section>\n\t\t\t\t\t<\/div>\n\t\t<\/div>\n\t\t\t\t\t<\/div>\n\t\t<\/section>\n\t\t\t\t<section class=\"elementor-section elementor-top-section elementor-element elementor-element-bda565b elementor-section-boxed elementor-section-height-default elementor-section-height-default\" data-id=\"bda565b\" data-element_type=\"section\" data-e-type=\"section\">\n\t\t\t\t\t\t<div class=\"elementor-container elementor-column-gap-default\">\n\t\t\t\t\t<div class=\"elementor-column elementor-col-100 elementor-top-column elementor-element elementor-element-857ee4e\" data-id=\"857ee4e\" data-element_type=\"column\" data-e-type=\"column\">\n\t\t\t<div class=\"elementor-widget-wrap elementor-element-populated\">\n\t\t\t\t\t\t<div class=\"elementor-element elementor-element-559454d elementor-widget elementor-widget-heading\" data-id=\"559454d\" data-element_type=\"widget\" data-e-type=\"widget\" data-widget_type=\"heading.default\">\n\t\t\t\t<div class=\"elementor-widget-container\">\n\t\t\t\t\t<h2 class=\"elementor-heading-title elementor-size-default\">Op\u00e9ration d'exp\u00e9dition et de r\u00e9ception<\/h2>\t\t\t\t<\/div>\n\t\t\t\t<\/div>\n\t\t\t\t<div class=\"elementor-element elementor-element-95a96a8 elementor-widget elementor-widget-text-editor\" data-id=\"95a96a8\" data-element_type=\"widget\" data-e-type=\"widget\" data-widget_type=\"text-editor.default\">\n\t\t\t\t<div class=\"elementor-widget-container\">\n\t\t\t\t\t\t\t\t\t<p>Tous nos meubles m\u00e9ritent le m\u00eame traitement du d\u00e9but \u00e0 la fin, c&rsquo;est pourquoi nous avons pris soin de l&#8217;emballage de la plus haute qualit\u00e9 et nous travaillons avec les entreprises de transport les plus qualifi\u00e9es, les faisant voyager jusqu&rsquo;\u00e0 leur destination dans des conditions parfaites et dans les plus brefs d\u00e9lais d\u00e9lai possible. , \u00e9tant entendu que nos livraisons prennent au minimum une semaine \u00e0 partir de la sortie d&rsquo;usine, mais peuvent en prendre jusqu&rsquo;\u00e0 trois selon l&rsquo;endroit o\u00f9 elles doivent se rendre.<\/p><p><b>Important:<\/b> Vous devez savoir que la marchandise, le colis avec le cache-radiateur, nous ne le t\u00e9l\u00e9chargeons ni ne l&rsquo;apportons \u00e0 la maison, l&rsquo;agence de transport le laisse au niveau de la rue. Si vous souhaitez qu&rsquo;il soit t\u00e9l\u00e9charg\u00e9 ou livr\u00e9 \u00e0 votre domicile, ce service peut \u00eatre contract\u00e9 s\u00e9par\u00e9ment.<\/p><p>Lorsque votre commande sera fabriqu\u00e9e, nous vous en informerons afin que vous puissiez d\u00e9cider si vous souhaitez effectuer le paiement restant par virement ou contre remboursement. Le paiement \u00e0 la livraison sera pay\u00e9 en esp\u00e8ces au transporteur et a un co\u00fbt compris entre 10 et 20 euros selon le montant \u00e0 payer.<\/p><p>L&rsquo;agence de transport envoie un e-mail avec le suivi approximatif du colis, mais appelle toujours par t\u00e9l\u00e9phone pour convenir du jour de livraison du colis et de l&rsquo;heure approximative. Nous ne pouvons pas garantir l&rsquo;heure exacte de livraison en raison des al\u00e9as de la circulation, mais il fait jour.<\/p><p>Dans le cas o\u00f9 les transporteurs se pr\u00e9sentent \u00e0 l&rsquo;adresse \u00e0 la date convenue et ne trouvent pas le client \u00e0 l&rsquo;adresse, ils reviendront une seconde fois apr\u00e8s avoir appel\u00e9. S&rsquo;il n&rsquo;est pas retrouv\u00e9 une deuxi\u00e8me fois, le colis sera renvoy\u00e9 \u00e0 l&rsquo;usine et le nouvel envoi aura un suppl\u00e9ment de 80 euros HT.<\/p><p>Vous pouvez \u00e9galement demander \u00e0 r\u00e9cup\u00e9rer votre commande directement dans nos entrep\u00f4ts ou dans l&rsquo;une des d\u00e9l\u00e9gations de l&rsquo;agence de transport la plus proche de chez vous, par laquelle votre commande est envoy\u00e9e, pour ce faire, contactez-nous afin d&rsquo;effectuer les d\u00e9marches opportunes.<\/p><p>Emoble n&rsquo;effectue pas d&rsquo;installations, ce n&rsquo;est pas n\u00e9cessaire, nous vous facturerions un service que vous pouvez effectuer de la mani\u00e8re la plus simple du monde, comme vous le verrez dans la section Comment assembler un cache-radiateur de cette m\u00eame section, nous envoyer le meuble assembl\u00e9 et pr\u00eat \u00e0 \u00eatre plac\u00e9 dans le mur, avec un gabarit et les chevilles et pointes n\u00e9cessaires \u00e0 son installation simple et rapide.<\/p><p>Nous demandons que lorsque le transporteur proc\u00e8de \u00e0 la livraison de la marchandise, vous proc\u00e9diez aux v\u00e9rifications suivantes :<\/p><p>Que le nombre de colis co\u00efncide avec celui du bon de livraison. Si le nombre de colis ne correspond pas, v\u00e9rifiez soigneusement pourquoi il ne correspond pas.<\/p><p>Que l&#8217;emballage ne pr\u00e9sente aucun signe de d\u00e9formation ou d&rsquo;impact. Face \u00e0 toute indication, d\u00e9ballez les produits devant le transporteur et indiquez sur le bon de livraison les signes que pr\u00e9sentent les colis, ainsi que les \u00e9ventuels dommages que les produits pourraient avoir. Ou vous ne recevez pas la commande.<\/p><p>Que tous les articles portent leur emballage correspondant. Si vous recevez un produit sans l&#8217;emballage correspondant, veuillez le noter sur le bon de livraison du transporteur.<\/p><p>En cas d&rsquo;anomalie, faites une r\u00e9clamation dans les 24 heures suivant la r\u00e9ception de la commande. Pour ce faire, appelez le num\u00e9ro 961 698 254.<\/p><p>Vous devez garder \u00e0 l&rsquo;esprit que, si vous signez le bon de livraison tel que collect\u00e9 sans v\u00e9rifier que le meuble est en parfait \u00e9tat, Emoble ne sera pas responsable de toute r\u00e9clamation ult\u00e9rieure pour quelque raison que ce soit. Nous ne serons responsables des dommages qui auraient pu survenir pendant le transport que dans le cas o\u00f9 le bon de livraison indiquerait quelque chose comme le colis n&rsquo;a pas \u00e9t\u00e9 v\u00e9rifi\u00e9 et toujours dans les 24 heures suivant la r\u00e9ception.<\/p><p>Tous nos cache-radiateurs sont exp\u00e9di\u00e9s par une agence logistique sp\u00e9cialis\u00e9e dans l&rsquo;ameublement.<\/p>\t\t\t\t\t\t\t\t<\/div>\n\t\t\t\t<\/div>\n\t\t\t\t\t<\/div>\n\t\t<\/div>\n\t\t\t\t\t<\/div>\n\t\t<\/section>\n\t\t\t\t<section class=\"elementor-section elementor-top-section elementor-element elementor-element-6cd77ca elementor-section-boxed elementor-section-height-default elementor-section-height-default\" data-id=\"6cd77ca\" data-element_type=\"section\" data-e-type=\"section\">\n\t\t\t\t\t\t<div class=\"elementor-container elementor-column-gap-default\">\n\t\t\t\t\t<div class=\"elementor-column elementor-col-100 elementor-top-column elementor-element elementor-element-b3f7f2e\" data-id=\"b3f7f2e\" data-element_type=\"column\" data-e-type=\"column\">\n\t\t\t<div class=\"elementor-widget-wrap elementor-element-populated\">\n\t\t\t\t\t\t<div class=\"elementor-element elementor-element-7c9c474 elementor-widget elementor-widget-heading\" data-id=\"7c9c474\" data-element_type=\"widget\" data-e-type=\"widget\" data-widget_type=\"heading.default\">\n\t\t\t\t<div class=\"elementor-widget-container\">\n\t\t\t\t\t<h2 class=\"elementor-heading-title elementor-size-default\">Retour<\/h2>\t\t\t\t<\/div>\n\t\t\t\t<\/div>\n\t\t\t\t<div class=\"elementor-element elementor-element-e9ad424 elementor-widget elementor-widget-text-editor\" data-id=\"e9ad424\" data-element_type=\"widget\" data-e-type=\"widget\" data-widget_type=\"text-editor.default\">\n\t\t\t\t<div class=\"elementor-widget-container\">\n\t\t\t\t\t\t\t\t\t<p>Tous nos meubles sont des mesures sp\u00e9ciales fabriqu\u00e9es express\u00e9ment pour les besoins du client. <b>Les modifications ou les retours ne seront pas accept\u00e9s, sauf ceux pr\u00e9sentant un d\u00e9faut de fabrication ou de transport.<\/b><\/p><p>Dans tous les cas, la date de d\u00e9but de la garantie sera celle qui figure sur la facture d&rsquo;achat, qui sera envoy\u00e9e par courrier une fois le meuble livr\u00e9. La garantie comprend les frais de port, de main d&rsquo;\u0153uvre et de r\u00e9paration ou de remplacement du meuble d\u00e9fectueux.<\/p>\t\t\t\t\t\t\t\t<\/div>\n\t\t\t\t<\/div>\n\t\t\t\t\t<\/div>\n\t\t<\/div>\n\t\t\t\t\t<\/div>\n\t\t<\/section>\n\t\t\t\t<section class=\"elementor-section elementor-top-section elementor-element elementor-element-ac637ab elementor-section-boxed elementor-section-height-default elementor-section-height-default\" data-id=\"ac637ab\" data-element_type=\"section\" data-e-type=\"section\">\n\t\t\t\t\t\t<div class=\"elementor-container elementor-column-gap-default\">\n\t\t\t\t\t<div class=\"elementor-column elementor-col-100 elementor-top-column elementor-element elementor-element-d05a5cc\" data-id=\"d05a5cc\" data-element_type=\"column\" data-e-type=\"column\">\n\t\t\t<div class=\"elementor-widget-wrap elementor-element-populated\">\n\t\t\t\t\t\t<div class=\"elementor-element elementor-element-d422b95 elementor-widget elementor-widget-heading\" data-id=\"d422b95\" data-element_type=\"widget\" data-e-type=\"widget\" data-widget_type=\"heading.default\">\n\t\t\t\t<div class=\"elementor-widget-container\">\n\t\t\t\t\t<h2 class=\"elementor-heading-title elementor-size-default\">Annulation d'une commande<\/h2>\t\t\t\t<\/div>\n\t\t\t\t<\/div>\n\t\t\t\t<div class=\"elementor-element elementor-element-421cb28 elementor-widget elementor-widget-text-editor\" data-id=\"421cb28\" data-element_type=\"widget\" data-e-type=\"widget\" data-widget_type=\"text-editor.default\">\n\t\t\t\t<div class=\"elementor-widget-container\">\n\t\t\t\t\t\t\t\t\t<p><strong>Vous pouvez modifier ou annuler votre commande dans les 24 heures suivant sa r\u00e9ception.<\/strong><\/p><p>Si vous ne notifiez aucun changement dans la commande dans les 24 heures, la commande sera consid\u00e9r\u00e9e comme ferme et \u00e0 partir de ce moment, elle passera en production.<\/p><p>Si vous souhaitez apporter une modification, annuler une commande ou avez des questions, contactez notre service client\u00e8le en appelant le 961 698 254 ou en \u00e9crivant \u00e0 <a href=\"mailto:info@emoble.es\" target=\"_blank\" rel=\"noopener\">info@emoble.es<\/a>. Le service apr\u00e8s-vente se chargera de toutes les d\u00e9marches pour une gestion correcte de votre achat.<\/p>\t\t\t\t\t\t\t\t<\/div>\n\t\t\t\t<\/div>\n\t\t\t\t\t<\/div>\n\t\t<\/div>\n\t\t\t\t\t<\/div>\n\t\t<\/section>\n\t\t\t\t<\/div>\n\t\t","protected":false},"excerpt":{"rendered":"<p>Aider Exp\u00e9dition &amp; retours Date de livraison Tous nos meubles de couverture de radiateur sont fabriqu\u00e9s sur mesure pour chaque client, cela n\u00e9cessite un processus de fabrication, dans lequel nous travaillons constamment pour le rendre aussi rapide que possible. Les travaux bien faits et sur mesure demandent du temps. Nos d\u00e9lais de fabrication et de [&hellip;]<\/p>\n","protected":false},"author":1,"featured_media":0,"parent":0,"menu_order":0,"comment_status":"closed","ping_status":"closed","template":"","meta":{"inline_featured_image":false,"ngg_post_thumbnail":0,"footnotes":""},"class_list":["post-9083","page","type-page","status-publish","hentry"],"yoast_head":"<!-- This site is optimized with the Yoast SEO plugin v27.4 - https:\/\/yoast.com\/product\/yoast-seo-wordpress\/ -->\n<title>Exp\u00e9dition et retours de couvertures de radiateur chez Emoble.es - Emoble<\/title>\n<meta name=\"description\" content=\"Exp\u00e9dition et retours de couvre-radiateurs chez Emoble. Politique d&#039;exp\u00e9dition, de retour et d&#039;annulation sur les couvre-radiateurs Emoble. Meuble cache-radiateur Emoble et sur mesure.\" \/>\n<meta name=\"robots\" content=\"index, follow, max-snippet:-1, max-image-preview:large, max-video-preview:-1\" \/>\n<link rel=\"canonical\" href=\"https:\/\/emoble.es\/fr\/expedition-et-retours-de-couvertures-de-radiateur-chez-emoble-es\/\" \/>\n<meta property=\"og:locale\" content=\"fr_FR\" \/>\n<meta property=\"og:type\" content=\"article\" \/>\n<meta property=\"og:title\" content=\"Exp\u00e9dition et retours de couvertures de radiateur chez Emoble.es - Emoble\" \/>\n<meta property=\"og:description\" content=\"Exp\u00e9dition et retours de couvre-radiateurs chez Emoble. Politique d&#039;exp\u00e9dition, de retour et d&#039;annulation sur les couvre-radiateurs Emoble. Meuble cache-radiateur Emoble et sur mesure.\" \/>\n<meta property=\"og:url\" content=\"https:\/\/emoble.es\/fr\/expedition-et-retours-de-couvertures-de-radiateur-chez-emoble-es\/\" \/>\n<meta property=\"og:site_name\" content=\"Emoble\" \/>\n<meta property=\"article:modified_time\" content=\"2022-04-27T07:43:49+00:00\" \/>\n<meta property=\"og:image\" content=\"https:\/\/emoble.es\/wp-content\/uploads\/2022\/04\/cubreradiador-embalaje-1024x648.jpg\" \/>\n<meta name=\"twitter:card\" content=\"summary_large_image\" \/>\n<meta name=\"twitter:label1\" content=\"Dur\u00e9e de lecture estim\u00e9e\" \/>\n\t<meta name=\"twitter:data1\" content=\"6 minutes\" \/>\n<script type=\"application\/ld+json\" class=\"yoast-schema-graph\">{\"@context\":\"https:\\\/\\\/schema.org\",\"@graph\":[{\"@type\":\"WebPage\",\"@id\":\"https:\\\/\\\/emoble.es\\\/fr\\\/expedition-et-retours-de-couvertures-de-radiateur-chez-emoble-es\\\/\",\"url\":\"https:\\\/\\\/emoble.es\\\/fr\\\/expedition-et-retours-de-couvertures-de-radiateur-chez-emoble-es\\\/\",\"name\":\"Exp\u00e9dition et retours de couvertures de radiateur chez Emoble.es - Emoble\",\"isPartOf\":{\"@id\":\"https:\\\/\\\/emoble.es\\\/fr\\\/#website\"},\"primaryImageOfPage\":{\"@id\":\"https:\\\/\\\/emoble.es\\\/fr\\\/expedition-et-retours-de-couvertures-de-radiateur-chez-emoble-es\\\/#primaryimage\"},\"image\":{\"@id\":\"https:\\\/\\\/emoble.es\\\/fr\\\/expedition-et-retours-de-couvertures-de-radiateur-chez-emoble-es\\\/#primaryimage\"},\"thumbnailUrl\":\"https:\\\/\\\/emoble.es\\\/wp-content\\\/uploads\\\/2022\\\/04\\\/cubreradiador-embalaje-1024x648.jpg\",\"datePublished\":\"2022-04-04T11:13:24+00:00\",\"dateModified\":\"2022-04-27T07:43:49+00:00\",\"description\":\"Exp\u00e9dition et retours de couvre-radiateurs chez Emoble. Politique d'exp\u00e9dition, de retour et d'annulation sur les couvre-radiateurs Emoble. Meuble cache-radiateur Emoble et sur mesure.\",\"breadcrumb\":{\"@id\":\"https:\\\/\\\/emoble.es\\\/fr\\\/expedition-et-retours-de-couvertures-de-radiateur-chez-emoble-es\\\/#breadcrumb\"},\"inLanguage\":\"fr-FR\",\"potentialAction\":[{\"@type\":\"ReadAction\",\"target\":[\"https:\\\/\\\/emoble.es\\\/fr\\\/expedition-et-retours-de-couvertures-de-radiateur-chez-emoble-es\\\/\"]}]},{\"@type\":\"ImageObject\",\"inLanguage\":\"fr-FR\",\"@id\":\"https:\\\/\\\/emoble.es\\\/fr\\\/expedition-et-retours-de-couvertures-de-radiateur-chez-emoble-es\\\/#primaryimage\",\"url\":\"https:\\\/\\\/emoble.es\\\/wp-content\\\/uploads\\\/2022\\\/04\\\/cubreradiador-embalaje-1024x648.jpg\",\"contentUrl\":\"https:\\\/\\\/emoble.es\\\/wp-content\\\/uploads\\\/2022\\\/04\\\/cubreradiador-embalaje-1024x648.jpg\"},{\"@type\":\"BreadcrumbList\",\"@id\":\"https:\\\/\\\/emoble.es\\\/fr\\\/expedition-et-retours-de-couvertures-de-radiateur-chez-emoble-es\\\/#breadcrumb\",\"itemListElement\":[{\"@type\":\"ListItem\",\"position\":1,\"name\":\"Portada\",\"item\":\"https:\\\/\\\/emoble.es\\\/fr\\\/couvertures-de-radiateur-personnalisees-en-ligne-emoble-es\\\/\"},{\"@type\":\"ListItem\",\"position\":2,\"name\":\"Exp\u00e9dition et retours de couvertures de radiateur chez Emoble.es\"}]},{\"@type\":\"WebSite\",\"@id\":\"https:\\\/\\\/emoble.es\\\/fr\\\/#website\",\"url\":\"https:\\\/\\\/emoble.es\\\/fr\\\/\",\"name\":\"Emoble\",\"description\":\"Cubreradiadores a medida online - Emoble.es\",\"publisher\":{\"@id\":\"https:\\\/\\\/emoble.es\\\/fr\\\/#organization\"},\"potentialAction\":[{\"@type\":\"SearchAction\",\"target\":{\"@type\":\"EntryPoint\",\"urlTemplate\":\"https:\\\/\\\/emoble.es\\\/fr\\\/?s={search_term_string}\"},\"query-input\":{\"@type\":\"PropertyValueSpecification\",\"valueRequired\":true,\"valueName\":\"search_term_string\"}}],\"inLanguage\":\"fr-FR\"},{\"@type\":\"Organization\",\"@id\":\"https:\\\/\\\/emoble.es\\\/fr\\\/#organization\",\"name\":\"Emoble\",\"url\":\"https:\\\/\\\/emoble.es\\\/fr\\\/\",\"logo\":{\"@type\":\"ImageObject\",\"inLanguage\":\"fr-FR\",\"@id\":\"https:\\\/\\\/emoble.es\\\/fr\\\/#\\\/schema\\\/logo\\\/image\\\/\",\"url\":\"https:\\\/\\\/emoble.es\\\/wp-content\\\/uploads\\\/2022\\\/03\\\/emoble_logo_positivo.svg\",\"contentUrl\":\"https:\\\/\\\/emoble.es\\\/wp-content\\\/uploads\\\/2022\\\/03\\\/emoble_logo_positivo.svg\",\"width\":486,\"height\":186,\"caption\":\"Emoble\"},\"image\":{\"@id\":\"https:\\\/\\\/emoble.es\\\/fr\\\/#\\\/schema\\\/logo\\\/image\\\/\"}}]}<\/script>\n<!-- \/ Yoast SEO plugin. -->","yoast_head_json":{"title":"Exp\u00e9dition et retours de couvertures de radiateur chez Emoble.es - Emoble","description":"Exp\u00e9dition et retours de couvre-radiateurs chez Emoble. Politique d'exp\u00e9dition, de retour et d'annulation sur les couvre-radiateurs Emoble. Meuble cache-radiateur Emoble et sur mesure.","robots":{"index":"index","follow":"follow","max-snippet":"max-snippet:-1","max-image-preview":"max-image-preview:large","max-video-preview":"max-video-preview:-1"},"canonical":"https:\/\/emoble.es\/fr\/expedition-et-retours-de-couvertures-de-radiateur-chez-emoble-es\/","og_locale":"fr_FR","og_type":"article","og_title":"Exp\u00e9dition et retours de couvertures de radiateur chez Emoble.es - Emoble","og_description":"Exp\u00e9dition et retours de couvre-radiateurs chez Emoble. Politique d'exp\u00e9dition, de retour et d'annulation sur les couvre-radiateurs Emoble. Meuble cache-radiateur Emoble et sur mesure.","og_url":"https:\/\/emoble.es\/fr\/expedition-et-retours-de-couvertures-de-radiateur-chez-emoble-es\/","og_site_name":"Emoble","article_modified_time":"2022-04-27T07:43:49+00:00","og_image":[{"url":"https:\/\/emoble.es\/wp-content\/uploads\/2022\/04\/cubreradiador-embalaje-1024x648.jpg","type":"","width":"","height":""}],"twitter_card":"summary_large_image","twitter_misc":{"Dur\u00e9e de lecture estim\u00e9e":"6 minutes"},"schema":{"@context":"https:\/\/schema.org","@graph":[{"@type":"WebPage","@id":"https:\/\/emoble.es\/fr\/expedition-et-retours-de-couvertures-de-radiateur-chez-emoble-es\/","url":"https:\/\/emoble.es\/fr\/expedition-et-retours-de-couvertures-de-radiateur-chez-emoble-es\/","name":"Exp\u00e9dition et retours de couvertures de radiateur chez Emoble.es - Emoble","isPartOf":{"@id":"https:\/\/emoble.es\/fr\/#website"},"primaryImageOfPage":{"@id":"https:\/\/emoble.es\/fr\/expedition-et-retours-de-couvertures-de-radiateur-chez-emoble-es\/#primaryimage"},"image":{"@id":"https:\/\/emoble.es\/fr\/expedition-et-retours-de-couvertures-de-radiateur-chez-emoble-es\/#primaryimage"},"thumbnailUrl":"https:\/\/emoble.es\/wp-content\/uploads\/2022\/04\/cubreradiador-embalaje-1024x648.jpg","datePublished":"2022-04-04T11:13:24+00:00","dateModified":"2022-04-27T07:43:49+00:00","description":"Exp\u00e9dition et retours de couvre-radiateurs chez Emoble. Politique d'exp\u00e9dition, de retour et d'annulation sur les couvre-radiateurs Emoble. Meuble cache-radiateur Emoble et sur mesure.","breadcrumb":{"@id":"https:\/\/emoble.es\/fr\/expedition-et-retours-de-couvertures-de-radiateur-chez-emoble-es\/#breadcrumb"},"inLanguage":"fr-FR","potentialAction":[{"@type":"ReadAction","target":["https:\/\/emoble.es\/fr\/expedition-et-retours-de-couvertures-de-radiateur-chez-emoble-es\/"]}]},{"@type":"ImageObject","inLanguage":"fr-FR","@id":"https:\/\/emoble.es\/fr\/expedition-et-retours-de-couvertures-de-radiateur-chez-emoble-es\/#primaryimage","url":"https:\/\/emoble.es\/wp-content\/uploads\/2022\/04\/cubreradiador-embalaje-1024x648.jpg","contentUrl":"https:\/\/emoble.es\/wp-content\/uploads\/2022\/04\/cubreradiador-embalaje-1024x648.jpg"},{"@type":"BreadcrumbList","@id":"https:\/\/emoble.es\/fr\/expedition-et-retours-de-couvertures-de-radiateur-chez-emoble-es\/#breadcrumb","itemListElement":[{"@type":"ListItem","position":1,"name":"Portada","item":"https:\/\/emoble.es\/fr\/couvertures-de-radiateur-personnalisees-en-ligne-emoble-es\/"},{"@type":"ListItem","position":2,"name":"Exp\u00e9dition et retours de couvertures de radiateur chez Emoble.es"}]},{"@type":"WebSite","@id":"https:\/\/emoble.es\/fr\/#website","url":"https:\/\/emoble.es\/fr\/","name":"Emoble","description":"Cubreradiadores a medida online - Emoble.es","publisher":{"@id":"https:\/\/emoble.es\/fr\/#organization"},"potentialAction":[{"@type":"SearchAction","target":{"@type":"EntryPoint","urlTemplate":"https:\/\/emoble.es\/fr\/?s={search_term_string}"},"query-input":{"@type":"PropertyValueSpecification","valueRequired":true,"valueName":"search_term_string"}}],"inLanguage":"fr-FR"},{"@type":"Organization","@id":"https:\/\/emoble.es\/fr\/#organization","name":"Emoble","url":"https:\/\/emoble.es\/fr\/","logo":{"@type":"ImageObject","inLanguage":"fr-FR","@id":"https:\/\/emoble.es\/fr\/#\/schema\/logo\/image\/","url":"https:\/\/emoble.es\/wp-content\/uploads\/2022\/03\/emoble_logo_positivo.svg","contentUrl":"https:\/\/emoble.es\/wp-content\/uploads\/2022\/03\/emoble_logo_positivo.svg","width":486,"height":186,"caption":"Emoble"},"image":{"@id":"https:\/\/emoble.es\/fr\/#\/schema\/logo\/image\/"}}]}},"acf":[],"_links":{"self":[{"href":"https:\/\/emoble.es\/fr\/wp-json\/wp\/v2\/pages\/9083","targetHints":{"allow":["GET"]}}],"collection":[{"href":"https:\/\/emoble.es\/fr\/wp-json\/wp\/v2\/pages"}],"about":[{"href":"https:\/\/emoble.es\/fr\/wp-json\/wp\/v2\/types\/page"}],"author":[{"embeddable":true,"href":"https:\/\/emoble.es\/fr\/wp-json\/wp\/v2\/users\/1"}],"replies":[{"embeddable":true,"href":"https:\/\/emoble.es\/fr\/wp-json\/wp\/v2\/comments?post=9083"}],"version-history":[{"count":3,"href":"https:\/\/emoble.es\/fr\/wp-json\/wp\/v2\/pages\/9083\/revisions"}],"predecessor-version":[{"id":9086,"href":"https:\/\/emoble.es\/fr\/wp-json\/wp\/v2\/pages\/9083\/revisions\/9086"}],"wp:attachment":[{"href":"https:\/\/emoble.es\/fr\/wp-json\/wp\/v2\/media?parent=9083"}],"curies":[{"name":"wp","href":"https:\/\/api.w.org\/{rel}","templated":true}]}}