{"id":9067,"date":"2022-03-31T20:19:37","date_gmt":"2022-03-31T18:19:37","guid":{"rendered":"https:\/\/emoble.es\/comment-mesurer-votre-radiateur\/"},"modified":"2022-04-27T07:44:42","modified_gmt":"2022-04-27T05:44:42","slug":"comment-mesurer-votre-radiateur","status":"publish","type":"page","link":"https:\/\/emoble.es\/fr\/comment-mesurer-votre-radiateur\/","title":{"rendered":"Comment mesurer votre radiateur"},"content":{"rendered":"\t\t<div data-elementor-type=\"wp-page\" data-elementor-id=\"9067\" class=\"elementor elementor-9067 elementor-1268\" data-elementor-post-type=\"page\">\n\t\t\t\t\t\t<section class=\"elementor-section elementor-top-section elementor-element elementor-element-5232c0c elementor-section-boxed elementor-section-height-default elementor-section-height-default\" data-id=\"5232c0c\" data-element_type=\"section\" data-e-type=\"section\" data-settings=\"{&quot;background_background&quot;:&quot;gradient&quot;}\">\n\t\t\t\t\t\t\t<div class=\"elementor-background-overlay\"><\/div>\n\t\t\t\t\t\t\t<div class=\"elementor-container elementor-column-gap-default\">\n\t\t\t\t\t<div class=\"elementor-column elementor-col-100 elementor-top-column elementor-element elementor-element-caf6d48\" data-id=\"caf6d48\" data-element_type=\"column\" data-e-type=\"column\">\n\t\t\t<div class=\"elementor-widget-wrap elementor-element-populated\">\n\t\t\t\t\t\t<section class=\"elementor-section elementor-inner-section elementor-element elementor-element-35b10f5 elementor-section-boxed elementor-section-height-default elementor-section-height-default\" data-id=\"35b10f5\" data-element_type=\"section\" data-e-type=\"section\">\n\t\t\t\t\t\t<div class=\"elementor-container elementor-column-gap-default\">\n\t\t\t\t\t<div class=\"elementor-column elementor-col-50 elementor-inner-column elementor-element elementor-element-69ac1b2\" data-id=\"69ac1b2\" data-element_type=\"column\" data-e-type=\"column\" data-settings=\"{&quot;background_background&quot;:&quot;classic&quot;}\">\n\t\t\t<div class=\"elementor-widget-wrap elementor-element-populated\">\n\t\t\t\t\t<div class=\"elementor-background-overlay\"><\/div>\n\t\t\t\t\t\t<div class=\"elementor-element elementor-element-adb909e elementor-widget elementor-widget-heading\" data-id=\"adb909e\" data-element_type=\"widget\" data-e-type=\"widget\" data-widget_type=\"heading.default\">\n\t\t\t\t<div class=\"elementor-widget-container\">\n\t\t\t\t\t<p class=\"elementor-heading-title elementor-size-default\">Aider<\/p>\t\t\t\t<\/div>\n\t\t\t\t<\/div>\n\t\t\t\t\t<\/div>\n\t\t<\/div>\n\t\t\t\t<div class=\"elementor-column elementor-col-50 elementor-inner-column elementor-element elementor-element-a93566d\" data-id=\"a93566d\" data-element_type=\"column\" data-e-type=\"column\">\n\t\t\t<div class=\"elementor-widget-wrap\">\n\t\t\t\t\t\t\t<\/div>\n\t\t<\/div>\n\t\t\t\t\t<\/div>\n\t\t<\/section>\n\t\t\t\t<div class=\"elementor-element elementor-element-b723f16 elementor-widget elementor-widget-heading\" data-id=\"b723f16\" data-element_type=\"widget\" data-e-type=\"widget\" data-widget_type=\"heading.default\">\n\t\t\t\t<div class=\"elementor-widget-container\">\n\t\t\t\t\t<h2 class=\"elementor-heading-title elementor-size-default\">Comment mesurer votre radiateur<\/h2>\t\t\t\t<\/div>\n\t\t\t\t<\/div>\n\t\t\t\t\t<\/div>\n\t\t<\/div>\n\t\t\t\t\t<\/div>\n\t\t<\/section>\n\t\t\t\t<section class=\"elementor-section elementor-top-section elementor-element elementor-element-3cda9fb elementor-section-boxed elementor-section-height-default elementor-section-height-default\" data-id=\"3cda9fb\" data-element_type=\"section\" data-e-type=\"section\">\n\t\t\t\t\t\t<div class=\"elementor-container elementor-column-gap-default\">\n\t\t\t\t\t<div class=\"elementor-column elementor-col-100 elementor-top-column elementor-element elementor-element-2736409\" data-id=\"2736409\" data-element_type=\"column\" data-e-type=\"column\">\n\t\t\t<div class=\"elementor-widget-wrap elementor-element-populated\">\n\t\t\t\t\t\t<div class=\"elementor-element elementor-element-503ad7a elementor-widget elementor-widget-heading\" data-id=\"503ad7a\" data-element_type=\"widget\" data-e-type=\"widget\" data-widget_type=\"heading.default\">\n\t\t\t\t<div class=\"elementor-widget-container\">\n\t\t\t\t\t<h2 class=\"elementor-heading-title elementor-size-default\">Instructions pour mesurer un radiateur<\/h2>\t\t\t\t<\/div>\n\t\t\t\t<\/div>\n\t\t\t\t<div class=\"elementor-element elementor-element-63269d6 elementor-widget elementor-widget-text-editor\" data-id=\"63269d6\" data-element_type=\"widget\" data-e-type=\"widget\" data-widget_type=\"text-editor.default\">\n\t\t\t\t<div class=\"elementor-widget-container\">\n\t\t\t\t\t\t\t\t\t<p>Ci-dessous, nous expliquons comment vous devez mesurer vos radiateurs, pour demander un devis. Toutes les mesures seront prises en centim\u00e8tres et peuvent avoir une marge d&rsquo;erreur de plus ou moins 1 centim\u00e8tre, moins dans la plinthe ou le socle.<\/p><p>Il est tr\u00e8s important que vous n&rsquo;augmentiez pas plus de mesures de largeur, de hauteur et de profondeur que nous ne le demandons.<\/p><p>Lorsque vous nous demanderez un devis, vous nous indiquerez quelles mesures vous souhaitez pour le meuble.<\/p>\t\t\t\t\t\t\t\t<\/div>\n\t\t\t\t<\/div>\n\t\t\t\t<div class=\"elementor-element elementor-element-5005e3a elementor-widget elementor-widget-image\" data-id=\"5005e3a\" data-element_type=\"widget\" data-e-type=\"widget\" data-widget_type=\"image.default\">\n\t\t\t\t<div class=\"elementor-widget-container\">\n\t\t\t\t\t\t\t\t\t\t\t\t\t\t\t<img fetchpriority=\"high\" decoding=\"async\" width=\"337\" height=\"183\" src=\"https:\/\/emoble.es\/wp-content\/uploads\/2022\/04\/grafico_radiador.svg\" class=\"attachment-large size-large wp-image-7575\" alt=\"\" \/>\t\t\t\t\t\t\t\t\t\t\t\t\t\t\t<\/div>\n\t\t\t\t<\/div>\n\t\t\t\t<section class=\"elementor-section elementor-inner-section elementor-element elementor-element-3e1a104 elementor-section-boxed elementor-section-height-default elementor-section-height-default\" data-id=\"3e1a104\" data-element_type=\"section\" data-e-type=\"section\">\n\t\t\t\t\t\t<div class=\"elementor-container elementor-column-gap-default\">\n\t\t\t\t\t<div class=\"elementor-column elementor-col-33 elementor-inner-column elementor-element elementor-element-876a3d1\" data-id=\"876a3d1\" data-element_type=\"column\" data-e-type=\"column\">\n\t\t\t<div class=\"elementor-widget-wrap elementor-element-populated\">\n\t\t\t\t\t\t<div class=\"elementor-element elementor-element-02e0478 elementor-widget elementor-widget-text-editor\" data-id=\"02e0478\" data-element_type=\"widget\" data-e-type=\"widget\" data-widget_type=\"text-editor.default\">\n\t\t\t\t<div class=\"elementor-widget-container\">\n\t\t\t\t\t\t\t\t\t<p><b>LARGEUR :<\/b> Les mesures seront prises de l&rsquo;extr\u00eame gauche \u00e0 l&rsquo;extr\u00eame droite, y compris les tuyaux et les r\u00e9gulateurs d&rsquo;eau.<\/p><p><b>RADIATEUR HAUT:<\/b> La mesure sera prise de la partie la plus basse \u00e0 la plus haute du radiateur.<\/p>\t\t\t\t\t\t\t\t<\/div>\n\t\t\t\t<\/div>\n\t\t\t\t\t<\/div>\n\t\t<\/div>\n\t\t\t\t<div class=\"elementor-column elementor-col-33 elementor-inner-column elementor-element elementor-element-fafd9a5\" data-id=\"fafd9a5\" data-element_type=\"column\" data-e-type=\"column\">\n\t\t\t<div class=\"elementor-widget-wrap elementor-element-populated\">\n\t\t\t\t\t\t<div class=\"elementor-element elementor-element-76d91f1 elementor-widget elementor-widget-text-editor\" data-id=\"76d91f1\" data-element_type=\"widget\" data-e-type=\"widget\" data-widget_type=\"text-editor.default\">\n\t\t\t\t<div class=\"elementor-widget-container\">\n\t\t\t\t\t\t\t\t\t<p><b>HAUTEUR TOTALE:<\/b> La mesure sera prise du haut du radiateur au sol.<\/p><p><strong>PROFONDEUR :<\/strong> La mesure sera prise du mur \u00e0 la partie la plus saillante du radiateur, y compris tout type de robinet ou de r\u00e9gulateur.<\/p>\t\t\t\t\t\t\t\t<\/div>\n\t\t\t\t<\/div>\n\t\t\t\t\t<\/div>\n\t\t<\/div>\n\t\t\t\t<div class=\"elementor-column elementor-col-33 elementor-inner-column elementor-element elementor-element-c9c2a35\" data-id=\"c9c2a35\" data-element_type=\"column\" data-e-type=\"column\">\n\t\t\t<div class=\"elementor-widget-wrap elementor-element-populated\">\n\t\t\t\t\t\t<div class=\"elementor-element elementor-element-e4a70a7 elementor-widget elementor-widget-text-editor\" data-id=\"e4a70a7\" data-element_type=\"widget\" data-e-type=\"widget\" data-widget_type=\"text-editor.default\">\n\t\t\t\t<div class=\"elementor-widget-container\">\n\t\t\t\t\t\t\t\t\t<p><strong>PLINTHE :<\/strong> Hauteur : La mesure sera prise du haut de la plinthe au sol. \u00c9paisseur : La mesure sera prise du mur \u00e0 la partie la plus \u00e9paisse de la plinthe.<\/p>\t\t\t\t\t\t\t\t<\/div>\n\t\t\t\t<\/div>\n\t\t\t\t\t<\/div>\n\t\t<\/div>\n\t\t\t\t\t<\/div>\n\t\t<\/section>\n\t\t\t\t\t<\/div>\n\t\t<\/div>\n\t\t\t\t\t<\/div>\n\t\t<\/section>\n\t\t\t\t<section class=\"elementor-section elementor-top-section elementor-element elementor-element-150c7c8 elementor-section-boxed elementor-section-height-default elementor-section-height-default\" data-id=\"150c7c8\" data-element_type=\"section\" data-e-type=\"section\">\n\t\t\t\t\t\t<div class=\"elementor-container elementor-column-gap-default\">\n\t\t\t\t\t<div class=\"elementor-column elementor-col-100 elementor-top-column elementor-element elementor-element-e7745ae\" data-id=\"e7745ae\" data-element_type=\"column\" data-e-type=\"column\">\n\t\t\t<div class=\"elementor-widget-wrap elementor-element-populated\">\n\t\t\t\t\t\t<div class=\"elementor-element elementor-element-c530c4e elementor-widget elementor-widget-heading\" data-id=\"c530c4e\" data-element_type=\"widget\" data-e-type=\"widget\" data-widget_type=\"heading.default\">\n\t\t\t\t<div class=\"elementor-widget-container\">\n\t\t\t\t\t<h2 class=\"elementor-heading-title elementor-size-default\">Document sur la fa\u00e7on de mesurer et d'enregistrer vos mesures<\/h2>\t\t\t\t<\/div>\n\t\t\t\t<\/div>\n\t\t\t\t<section class=\"elementor-section elementor-inner-section elementor-element elementor-element-872f213 elementor-section-boxed elementor-section-height-default elementor-section-height-default\" data-id=\"872f213\" data-element_type=\"section\" data-e-type=\"section\">\n\t\t\t\t\t\t<div class=\"elementor-container elementor-column-gap-default\">\n\t\t\t\t\t<div class=\"elementor-column elementor-col-50 elementor-inner-column elementor-element elementor-element-ce11230\" data-id=\"ce11230\" data-element_type=\"column\" data-e-type=\"column\">\n\t\t\t<div class=\"elementor-widget-wrap elementor-element-populated\">\n\t\t\t\t\t\t<div class=\"elementor-element elementor-element-312fafd elementor-widget elementor-widget-text-editor\" data-id=\"312fafd\" data-element_type=\"widget\" data-e-type=\"widget\" data-widget_type=\"text-editor.default\">\n\t\t\t\t<div class=\"elementor-widget-container\">\n\t\t\t\t\t\t\t\t\tT\u00e9l\u00e9chargez et imprimez le document sur la fa\u00e7on de mesurer votre radiateur, dans lequel vous pouvez noter les mesures et de cette fa\u00e7on, il sera plus confortable lors de la demande d&rsquo;un devis.\t\t\t\t\t\t\t\t<\/div>\n\t\t\t\t<\/div>\n\t\t\t\t\t<\/div>\n\t\t<\/div>\n\t\t\t\t<div class=\"elementor-column elementor-col-50 elementor-inner-column elementor-element elementor-element-d4465b5\" data-id=\"d4465b5\" data-element_type=\"column\" data-e-type=\"column\">\n\t\t\t<div class=\"elementor-widget-wrap elementor-element-populated\">\n\t\t\t\t\t\t<div class=\"elementor-element elementor-element-a5267e8 btn_arrow_link_ayuda elementor-widget elementor-widget-heading\" data-id=\"a5267e8\" data-element_type=\"widget\" data-e-type=\"widget\" data-widget_type=\"heading.default\">\n\t\t\t\t<div class=\"elementor-widget-container\">\n\t\t\t\t\t<div class=\"elementor-heading-title elementor-size-default\"><a href=\"https:\/\/emoble.es\/wp-content\/uploads\/2022\/04\/como-medir-tu-radiador-emoble.pdf\" target=\"_blank\" rel=\"nofollow\">T\u00e9l\u00e9charger le guide<\/a><\/div>\t\t\t\t<\/div>\n\t\t\t\t<\/div>\n\t\t\t\t<div class=\"elementor-element elementor-element-aa6d51b elementor-widget elementor-widget-text-editor\" data-id=\"aa6d51b\" data-element_type=\"widget\" data-e-type=\"widget\" data-widget_type=\"text-editor.default\">\n\t\t\t\t<div class=\"elementor-widget-container\">\n\t\t\t\t\t\t\t\t\tDocument au format PDF Adobe Acrobat [1 .1 MB]\n\n\t\t\t\t\t\t\t\t<\/div>\n\t\t\t\t<\/div>\n\t\t\t\t\t<\/div>\n\t\t<\/div>\n\t\t\t\t\t<\/div>\n\t\t<\/section>\n\t\t\t\t\t<\/div>\n\t\t<\/div>\n\t\t\t\t\t<\/div>\n\t\t<\/section>\n\t\t\t\t<section class=\"elementor-section elementor-top-section elementor-element elementor-element-e93e069 elementor-section-full_width elementor-section-height-default elementor-section-height-default elementor-invisible\" data-id=\"e93e069\" data-element_type=\"section\" data-e-type=\"section\" data-settings=\"{&quot;animation&quot;:&quot;fadeInUp&quot;}\">\n\t\t\t\t\t\t<div class=\"elementor-container elementor-column-gap-default\">\n\t\t\t\t\t<div class=\"elementor-column elementor-col-100 elementor-top-column elementor-element elementor-element-962397d\" data-id=\"962397d\" data-element_type=\"column\" data-e-type=\"column\">\n\t\t\t<div class=\"elementor-widget-wrap elementor-element-populated\">\n\t\t\t\t\t\t<div class=\"elementor-element elementor-element-80c213f elementor-grid-4 elementor-posts--thumbnail-top elementor-grid-tablet-2 elementor-grid-mobile-1 elementor-widget elementor-widget-posts\" data-id=\"80c213f\" data-element_type=\"widget\" data-e-type=\"widget\" data-settings=\"{&quot;custom_post_slider&quot;:&quot;yes&quot;,&quot;custom_navigation&quot;:&quot;none&quot;,&quot;custom_columns&quot;:&quot;4&quot;,&quot;custom_slides_to_show&quot;:&quot;5&quot;,&quot;custom_row_gap&quot;:{&quot;unit&quot;:&quot;px&quot;,&quot;size&quot;:0,&quot;sizes&quot;:[]},&quot;custom_slide_gap&quot;:{&quot;unit&quot;:&quot;px&quot;,&quot;size&quot;:2,&quot;sizes&quot;:[]},&quot;custom_columns_tablet&quot;:&quot;2&quot;,&quot;custom_columns_mobile&quot;:&quot;1&quot;,&quot;custom_row_gap_tablet&quot;:{&quot;unit&quot;:&quot;px&quot;,&quot;size&quot;:&quot;&quot;,&quot;sizes&quot;:[]},&quot;custom_row_gap_mobile&quot;:{&quot;unit&quot;:&quot;px&quot;,&quot;size&quot;:&quot;&quot;,&quot;sizes&quot;:[]},&quot;custom_pause_on_hover&quot;:&quot;yes&quot;,&quot;custom_autoplay&quot;:&quot;yes&quot;,&quot;custom_autoplay_speed&quot;:5000,&quot;custom_infinite&quot;:&quot;yes&quot;,&quot;custom_speed&quot;:500,&quot;custom_direction&quot;:&quot;ltr&quot;}\" data-widget_type=\"posts.custom\">\n\t\t\t\t<div class=\"elementor-widget-container\">\n\t\t\t\t\t<div class=\"elementor-main-swiper swiper-container swiper\">      <div class=\"ecs-posts elementor-posts-container elementor-posts swiper-wrapper   elementor-posts--skin-custom\" data-settings=\"{&quot;current_page&quot;:1,&quot;max_num_pages&quot;:3,&quot;load_method&quot;:&quot;&quot;,&quot;widget_id&quot;:&quot;80c213f&quot;,&quot;post_id&quot;:9067,&quot;theme_id&quot;:9067,&quot;change_url&quot;:false,&quot;reinit_js&quot;:false}\">\n      \t\t<article id=\"post-9200\" class=\"elementor-post elementor-grid-item ecs-post-loop swiper-slide post-9200 cubreradiadores type-cubreradiadores status-publish has-post-thumbnail hentry categorias-cubreradiadores-diseno-fr\">\n\t\t<div class=\"ecs-link-wrapper\" data-href=\"https:\/\/emoble.es\/fr\/cuadres-cajones\/\"  data-rel = \"nofollow\" >\t\t<div data-elementor-type=\"loop\" data-elementor-id=\"1038\" class=\"elementor elementor-1038 post-9200 cubreradiadores type-cubreradiadores status-publish has-post-thumbnail hentry categorias-cubreradiadores-diseno-fr\" data-elementor-post-type=\"elementor_library\">\n\t\t\t<style>#post-9200 .elementor-1038 .elementor-element.elementor-element-cdb93ba:not(.elementor-motion-effects-element-type-background), #post-9200 .elementor-1038 .elementor-element.elementor-element-cdb93ba > .elementor-motion-effects-container > .elementor-motion-effects-layer{background-image: url(\"https:\/\/emoble.es\/wp-content\/uploads\/2022\/04\/PRODUCTO-10-FOTO-1-Cubreradiador-Cuadres-cajones-Emoble.jpg\");}<\/style>\t\t<section class=\"elementor-section elementor-top-section elementor-element elementor-element-cdb93ba elementor-section-full_width elementor-section-height-min-height loop_home_box elementor-section-height-default elementor-section-items-middle\" data-id=\"cdb93ba\" data-element_type=\"section\" data-e-type=\"section\" data-settings=\"{&quot;background_background&quot;:&quot;classic&quot;}\">\n\t\t\t\t\t\t<div class=\"elementor-container elementor-column-gap-default\">\n\t\t\t\t\t<div class=\"elementor-column elementor-col-100 elementor-top-column elementor-element elementor-element-f1ad92c\" data-id=\"f1ad92c\" data-element_type=\"column\" data-e-type=\"column\">\n\t\t\t<div class=\"elementor-widget-wrap elementor-element-populated\">\n\t\t\t\t\t\t<div class=\"elementor-element elementor-element-77d9ec5 brn elementor-widget elementor-widget-spacer\" data-id=\"77d9ec5\" data-element_type=\"widget\" data-e-type=\"widget\" data-widget_type=\"spacer.default\">\n\t\t\t\t<div class=\"elementor-widget-container\">\n\t\t\t\t\t\t\t<div class=\"elementor-spacer\">\n\t\t\t<div class=\"elementor-spacer-inner\"><\/div>\n\t\t<\/div>\n\t\t\t\t\t\t<\/div>\n\t\t\t\t<\/div>\n\t\t\t\t<div class=\"elementor-element elementor-element-ae21497 elementor-widget elementor-widget-theme-post-title elementor-page-title elementor-widget-heading\" data-id=\"ae21497\" data-element_type=\"widget\" data-e-type=\"widget\" data-widget_type=\"theme-post-title.default\">\n\t\t\t\t<div class=\"elementor-widget-container\">\n\t\t\t\t\t<h4 class=\"elementor-heading-title elementor-size-default\">Cuadres cajones<\/h4>\t\t\t\t<\/div>\n\t\t\t\t<\/div>\n\t\t\t\t\t<\/div>\n\t\t<\/div>\n\t\t\t\t\t<\/div>\n\t\t<\/section>\n\t\t\t\t<\/div>\n\t\t<\/div>\t\t<\/article>\n\t\t\t\t<article id=\"post-9175\" class=\"elementor-post elementor-grid-item ecs-post-loop swiper-slide post-9175 cubreradiadores type-cubreradiadores status-publish has-post-thumbnail hentry categorias-cubreradiadores-clasicos-6-fr\">\n\t\t<div class=\"ecs-link-wrapper\" data-href=\"https:\/\/emoble.es\/fr\/dual-libreria-cerrada\/\"  data-rel = \"nofollow\" >\t\t<div data-elementor-type=\"loop\" data-elementor-id=\"1038\" class=\"elementor elementor-1038 post-9175 cubreradiadores type-cubreradiadores status-publish has-post-thumbnail hentry categorias-cubreradiadores-clasicos-6-fr\" data-elementor-post-type=\"elementor_library\">\n\t\t\t<style>#post-9175 .elementor-1038 .elementor-element.elementor-element-cdb93ba:not(.elementor-motion-effects-element-type-background), #post-9175 .elementor-1038 .elementor-element.elementor-element-cdb93ba > .elementor-motion-effects-container > .elementor-motion-effects-layer{background-image: url(\"https:\/\/emoble.es\/wp-content\/uploads\/2022\/04\/Cubreradiador-Dual-con-libreria-cerrada-Emoble-2-1.png\");}<\/style>\t\t<section class=\"elementor-section elementor-top-section elementor-element elementor-element-cdb93ba elementor-section-full_width elementor-section-height-min-height loop_home_box elementor-section-height-default elementor-section-items-middle\" data-id=\"cdb93ba\" data-element_type=\"section\" data-e-type=\"section\" data-settings=\"{&quot;background_background&quot;:&quot;classic&quot;}\">\n\t\t\t\t\t\t<div class=\"elementor-container elementor-column-gap-default\">\n\t\t\t\t\t<div class=\"elementor-column elementor-col-100 elementor-top-column elementor-element elementor-element-f1ad92c\" data-id=\"f1ad92c\" data-element_type=\"column\" data-e-type=\"column\">\n\t\t\t<div class=\"elementor-widget-wrap elementor-element-populated\">\n\t\t\t\t\t\t<div class=\"elementor-element elementor-element-77d9ec5 brn elementor-widget elementor-widget-spacer\" data-id=\"77d9ec5\" data-element_type=\"widget\" data-e-type=\"widget\" data-widget_type=\"spacer.default\">\n\t\t\t\t<div class=\"elementor-widget-container\">\n\t\t\t\t\t\t\t<div class=\"elementor-spacer\">\n\t\t\t<div class=\"elementor-spacer-inner\"><\/div>\n\t\t<\/div>\n\t\t\t\t\t\t<\/div>\n\t\t\t\t<\/div>\n\t\t\t\t<div class=\"elementor-element elementor-element-ae21497 elementor-widget elementor-widget-theme-post-title elementor-page-title elementor-widget-heading\" data-id=\"ae21497\" data-element_type=\"widget\" data-e-type=\"widget\" data-widget_type=\"theme-post-title.default\">\n\t\t\t\t<div class=\"elementor-widget-container\">\n\t\t\t\t\t<h4 class=\"elementor-heading-title elementor-size-default\">Dual librer\u00eda cerrada<\/h4>\t\t\t\t<\/div>\n\t\t\t\t<\/div>\n\t\t\t\t\t<\/div>\n\t\t<\/div>\n\t\t\t\t\t<\/div>\n\t\t<\/section>\n\t\t\t\t<\/div>\n\t\t<\/div>\t\t<\/article>\n\t\t\t\t<article id=\"post-9203\" class=\"elementor-post elementor-grid-item ecs-post-loop swiper-slide post-9203 cubreradiadores type-cubreradiadores status-publish has-post-thumbnail hentry categorias-cubreradiadores-diseno-fr\">\n\t\t<div class=\"ecs-link-wrapper\" data-href=\"https:\/\/emoble.es\/fr\/eline-con-estanteria\/\"  data-rel = \"nofollow\" >\t\t<div data-elementor-type=\"loop\" data-elementor-id=\"1038\" class=\"elementor elementor-1038 post-9203 cubreradiadores type-cubreradiadores status-publish has-post-thumbnail hentry categorias-cubreradiadores-diseno-fr\" data-elementor-post-type=\"elementor_library\">\n\t\t\t<style>#post-9203 .elementor-1038 .elementor-element.elementor-element-cdb93ba:not(.elementor-motion-effects-element-type-background), #post-9203 .elementor-1038 .elementor-element.elementor-element-cdb93ba > .elementor-motion-effects-container > .elementor-motion-effects-layer{background-image: url(\"https:\/\/emoble.es\/wp-content\/uploads\/2022\/04\/PRODUCTO-7-FOTO-1-Cubreradiador-Eline-estanteria-Emoble.png\");}<\/style>\t\t<section class=\"elementor-section elementor-top-section elementor-element elementor-element-cdb93ba elementor-section-full_width elementor-section-height-min-height loop_home_box elementor-section-height-default elementor-section-items-middle\" data-id=\"cdb93ba\" data-element_type=\"section\" data-e-type=\"section\" data-settings=\"{&quot;background_background&quot;:&quot;classic&quot;}\">\n\t\t\t\t\t\t<div class=\"elementor-container elementor-column-gap-default\">\n\t\t\t\t\t<div class=\"elementor-column elementor-col-100 elementor-top-column elementor-element elementor-element-f1ad92c\" data-id=\"f1ad92c\" data-element_type=\"column\" data-e-type=\"column\">\n\t\t\t<div class=\"elementor-widget-wrap elementor-element-populated\">\n\t\t\t\t\t\t<div class=\"elementor-element elementor-element-77d9ec5 brn elementor-widget elementor-widget-spacer\" data-id=\"77d9ec5\" data-element_type=\"widget\" data-e-type=\"widget\" data-widget_type=\"spacer.default\">\n\t\t\t\t<div class=\"elementor-widget-container\">\n\t\t\t\t\t\t\t<div class=\"elementor-spacer\">\n\t\t\t<div class=\"elementor-spacer-inner\"><\/div>\n\t\t<\/div>\n\t\t\t\t\t\t<\/div>\n\t\t\t\t<\/div>\n\t\t\t\t<div class=\"elementor-element elementor-element-ae21497 elementor-widget elementor-widget-theme-post-title elementor-page-title elementor-widget-heading\" data-id=\"ae21497\" data-element_type=\"widget\" data-e-type=\"widget\" data-widget_type=\"theme-post-title.default\">\n\t\t\t\t<div class=\"elementor-widget-container\">\n\t\t\t\t\t<h4 class=\"elementor-heading-title elementor-size-default\">Eline con estanter\u00eda<\/h4>\t\t\t\t<\/div>\n\t\t\t\t<\/div>\n\t\t\t\t\t<\/div>\n\t\t<\/div>\n\t\t\t\t\t<\/div>\n\t\t<\/section>\n\t\t\t\t<\/div>\n\t\t<\/div>\t\t<\/article>\n\t\t\t\t<article id=\"post-9192\" class=\"elementor-post elementor-grid-item ecs-post-loop swiper-slide post-9192 cubreradiadores type-cubreradiadores status-publish has-post-thumbnail hentry categorias-cubreradiadores-modernos-fr\">\n\t\t<div class=\"ecs-link-wrapper\" data-href=\"https:\/\/emoble.es\/fr\/hybrida\/\"  data-rel = \"nofollow\" >\t\t<div data-elementor-type=\"loop\" data-elementor-id=\"1038\" class=\"elementor elementor-1038 post-9192 cubreradiadores type-cubreradiadores status-publish has-post-thumbnail hentry categorias-cubreradiadores-modernos-fr\" data-elementor-post-type=\"elementor_library\">\n\t\t\t<style>#post-9192 .elementor-1038 .elementor-element.elementor-element-cdb93ba:not(.elementor-motion-effects-element-type-background), #post-9192 .elementor-1038 .elementor-element.elementor-element-cdb93ba > .elementor-motion-effects-container > .elementor-motion-effects-layer{background-image: url(\"https:\/\/emoble.es\/wp-content\/uploads\/2022\/04\/PRODUCTO-19-FOTO-1-Cubreradiador-Hybrid-Emoble.jpg\");}<\/style>\t\t<section class=\"elementor-section elementor-top-section elementor-element elementor-element-cdb93ba elementor-section-full_width elementor-section-height-min-height loop_home_box elementor-section-height-default elementor-section-items-middle\" data-id=\"cdb93ba\" data-element_type=\"section\" data-e-type=\"section\" data-settings=\"{&quot;background_background&quot;:&quot;classic&quot;}\">\n\t\t\t\t\t\t<div class=\"elementor-container elementor-column-gap-default\">\n\t\t\t\t\t<div class=\"elementor-column elementor-col-100 elementor-top-column elementor-element elementor-element-f1ad92c\" data-id=\"f1ad92c\" data-element_type=\"column\" data-e-type=\"column\">\n\t\t\t<div class=\"elementor-widget-wrap elementor-element-populated\">\n\t\t\t\t\t\t<div class=\"elementor-element elementor-element-77d9ec5 brn elementor-widget elementor-widget-spacer\" data-id=\"77d9ec5\" data-element_type=\"widget\" data-e-type=\"widget\" data-widget_type=\"spacer.default\">\n\t\t\t\t<div class=\"elementor-widget-container\">\n\t\t\t\t\t\t\t<div class=\"elementor-spacer\">\n\t\t\t<div class=\"elementor-spacer-inner\"><\/div>\n\t\t<\/div>\n\t\t\t\t\t\t<\/div>\n\t\t\t\t<\/div>\n\t\t\t\t<div class=\"elementor-element elementor-element-ae21497 elementor-widget elementor-widget-theme-post-title elementor-page-title elementor-widget-heading\" data-id=\"ae21497\" data-element_type=\"widget\" data-e-type=\"widget\" data-widget_type=\"theme-post-title.default\">\n\t\t\t\t<div class=\"elementor-widget-container\">\n\t\t\t\t\t<h4 class=\"elementor-heading-title elementor-size-default\">Hybrida<\/h4>\t\t\t\t<\/div>\n\t\t\t\t<\/div>\n\t\t\t\t\t<\/div>\n\t\t<\/div>\n\t\t\t\t\t<\/div>\n\t\t<\/section>\n\t\t\t\t<\/div>\n\t\t<\/div>\t\t<\/article>\n\t\t\t\t<article id=\"post-9191\" class=\"elementor-post elementor-grid-item ecs-post-loop swiper-slide post-9191 cubreradiadores type-cubreradiadores status-publish has-post-thumbnail hentry categorias-cubreradiadores-modernos-fr\">\n\t\t<div class=\"ecs-link-wrapper\" data-href=\"https:\/\/emoble.es\/fr\/beniparrell\/\"  data-rel = \"nofollow\" >\t\t<div data-elementor-type=\"loop\" data-elementor-id=\"1038\" class=\"elementor elementor-1038 post-9191 cubreradiadores type-cubreradiadores status-publish has-post-thumbnail hentry categorias-cubreradiadores-modernos-fr\" data-elementor-post-type=\"elementor_library\">\n\t\t\t<style>#post-9191 .elementor-1038 .elementor-element.elementor-element-cdb93ba:not(.elementor-motion-effects-element-type-background), #post-9191 .elementor-1038 .elementor-element.elementor-element-cdb93ba > .elementor-motion-effects-container > .elementor-motion-effects-layer{background-image: url(\"https:\/\/emoble.es\/wp-content\/uploads\/2022\/04\/PRODUCTO-20-FOTO-1-Cubreradiador-Beniparrell-Emoble.png\");}<\/style>\t\t<section class=\"elementor-section elementor-top-section elementor-element elementor-element-cdb93ba elementor-section-full_width elementor-section-height-min-height loop_home_box elementor-section-height-default elementor-section-items-middle\" data-id=\"cdb93ba\" data-element_type=\"section\" data-e-type=\"section\" data-settings=\"{&quot;background_background&quot;:&quot;classic&quot;}\">\n\t\t\t\t\t\t<div class=\"elementor-container elementor-column-gap-default\">\n\t\t\t\t\t<div class=\"elementor-column elementor-col-100 elementor-top-column elementor-element elementor-element-f1ad92c\" data-id=\"f1ad92c\" data-element_type=\"column\" data-e-type=\"column\">\n\t\t\t<div class=\"elementor-widget-wrap elementor-element-populated\">\n\t\t\t\t\t\t<div class=\"elementor-element elementor-element-77d9ec5 brn elementor-widget elementor-widget-spacer\" data-id=\"77d9ec5\" data-element_type=\"widget\" data-e-type=\"widget\" data-widget_type=\"spacer.default\">\n\t\t\t\t<div class=\"elementor-widget-container\">\n\t\t\t\t\t\t\t<div class=\"elementor-spacer\">\n\t\t\t<div class=\"elementor-spacer-inner\"><\/div>\n\t\t<\/div>\n\t\t\t\t\t\t<\/div>\n\t\t\t\t<\/div>\n\t\t\t\t<div class=\"elementor-element elementor-element-ae21497 elementor-widget elementor-widget-theme-post-title elementor-page-title elementor-widget-heading\" data-id=\"ae21497\" data-element_type=\"widget\" data-e-type=\"widget\" data-widget_type=\"theme-post-title.default\">\n\t\t\t\t<div class=\"elementor-widget-container\">\n\t\t\t\t\t<h4 class=\"elementor-heading-title elementor-size-default\">Beniparrell<\/h4>\t\t\t\t<\/div>\n\t\t\t\t<\/div>\n\t\t\t\t\t<\/div>\n\t\t<\/div>\n\t\t\t\t\t<\/div>\n\t\t<\/section>\n\t\t\t\t<\/div>\n\t\t<\/div>\t\t<\/article>\n\t\t\t\t<article id=\"post-9179\" class=\"elementor-post elementor-grid-item ecs-post-loop swiper-slide post-9179 cubreradiadores type-cubreradiadores status-publish has-post-thumbnail hentry categorias-cubreradiadores-clasicos-6-fr\">\n\t\t<div class=\"ecs-link-wrapper\" data-href=\"https:\/\/emoble.es\/fr\/lamine\/\"  data-rel = \"nofollow\" >\t\t<div data-elementor-type=\"loop\" data-elementor-id=\"1038\" class=\"elementor elementor-1038 post-9179 cubreradiadores type-cubreradiadores status-publish has-post-thumbnail hentry categorias-cubreradiadores-clasicos-6-fr\" data-elementor-post-type=\"elementor_library\">\n\t\t\t<style>#post-9179 .elementor-1038 .elementor-element.elementor-element-cdb93ba:not(.elementor-motion-effects-element-type-background), #post-9179 .elementor-1038 .elementor-element.elementor-element-cdb93ba > .elementor-motion-effects-container > .elementor-motion-effects-layer{background-image: url(\"https:\/\/emoble.es\/wp-content\/uploads\/2022\/04\/PRODUCTO-33-FOTO-3-Cubreradiador-Lamine-Emoble.png\");}<\/style>\t\t<section class=\"elementor-section elementor-top-section elementor-element elementor-element-cdb93ba elementor-section-full_width elementor-section-height-min-height loop_home_box elementor-section-height-default elementor-section-items-middle\" data-id=\"cdb93ba\" data-element_type=\"section\" data-e-type=\"section\" data-settings=\"{&quot;background_background&quot;:&quot;classic&quot;}\">\n\t\t\t\t\t\t<div class=\"elementor-container elementor-column-gap-default\">\n\t\t\t\t\t<div class=\"elementor-column elementor-col-100 elementor-top-column elementor-element elementor-element-f1ad92c\" data-id=\"f1ad92c\" data-element_type=\"column\" data-e-type=\"column\">\n\t\t\t<div class=\"elementor-widget-wrap elementor-element-populated\">\n\t\t\t\t\t\t<div class=\"elementor-element elementor-element-77d9ec5 brn elementor-widget elementor-widget-spacer\" data-id=\"77d9ec5\" data-element_type=\"widget\" data-e-type=\"widget\" data-widget_type=\"spacer.default\">\n\t\t\t\t<div class=\"elementor-widget-container\">\n\t\t\t\t\t\t\t<div class=\"elementor-spacer\">\n\t\t\t<div class=\"elementor-spacer-inner\"><\/div>\n\t\t<\/div>\n\t\t\t\t\t\t<\/div>\n\t\t\t\t<\/div>\n\t\t\t\t<div class=\"elementor-element elementor-element-ae21497 elementor-widget elementor-widget-theme-post-title elementor-page-title elementor-widget-heading\" data-id=\"ae21497\" data-element_type=\"widget\" data-e-type=\"widget\" data-widget_type=\"theme-post-title.default\">\n\t\t\t\t<div class=\"elementor-widget-container\">\n\t\t\t\t\t<h4 class=\"elementor-heading-title elementor-size-default\">Lamine<\/h4>\t\t\t\t<\/div>\n\t\t\t\t<\/div>\n\t\t\t\t\t<\/div>\n\t\t<\/div>\n\t\t\t\t\t<\/div>\n\t\t<\/section>\n\t\t\t\t<\/div>\n\t\t<\/div>\t\t<\/article>\n\t\t\t\t<article id=\"post-9169\" class=\"elementor-post elementor-grid-item ecs-post-loop swiper-slide post-9169 cubreradiadores type-cubreradiadores status-publish has-post-thumbnail hentry categorias-cubreradiadores-originales-fr\">\n\t\t<div class=\"ecs-link-wrapper\" data-href=\"https:\/\/emoble.es\/fr\/tetra-casa\/\"  data-rel = \"nofollow\" >\t\t<div data-elementor-type=\"loop\" data-elementor-id=\"1038\" class=\"elementor elementor-1038 post-9169 cubreradiadores type-cubreradiadores status-publish has-post-thumbnail hentry categorias-cubreradiadores-originales-fr\" data-elementor-post-type=\"elementor_library\">\n\t\t\t<style>#post-9169 .elementor-1038 .elementor-element.elementor-element-cdb93ba:not(.elementor-motion-effects-element-type-background), #post-9169 .elementor-1038 .elementor-element.elementor-element-cdb93ba > .elementor-motion-effects-container > .elementor-motion-effects-layer{background-image: url(\"https:\/\/emoble.es\/wp-content\/uploads\/2022\/04\/Cubreradiador-Tetra-casa-Emoble.jpg\");}<\/style>\t\t<section class=\"elementor-section elementor-top-section elementor-element elementor-element-cdb93ba elementor-section-full_width elementor-section-height-min-height loop_home_box elementor-section-height-default elementor-section-items-middle\" data-id=\"cdb93ba\" data-element_type=\"section\" data-e-type=\"section\" data-settings=\"{&quot;background_background&quot;:&quot;classic&quot;}\">\n\t\t\t\t\t\t<div class=\"elementor-container elementor-column-gap-default\">\n\t\t\t\t\t<div class=\"elementor-column elementor-col-100 elementor-top-column elementor-element elementor-element-f1ad92c\" data-id=\"f1ad92c\" data-element_type=\"column\" data-e-type=\"column\">\n\t\t\t<div class=\"elementor-widget-wrap elementor-element-populated\">\n\t\t\t\t\t\t<div class=\"elementor-element elementor-element-77d9ec5 brn elementor-widget elementor-widget-spacer\" data-id=\"77d9ec5\" data-element_type=\"widget\" data-e-type=\"widget\" data-widget_type=\"spacer.default\">\n\t\t\t\t<div class=\"elementor-widget-container\">\n\t\t\t\t\t\t\t<div class=\"elementor-spacer\">\n\t\t\t<div class=\"elementor-spacer-inner\"><\/div>\n\t\t<\/div>\n\t\t\t\t\t\t<\/div>\n\t\t\t\t<\/div>\n\t\t\t\t<div class=\"elementor-element elementor-element-ae21497 elementor-widget elementor-widget-theme-post-title elementor-page-title elementor-widget-heading\" data-id=\"ae21497\" data-element_type=\"widget\" data-e-type=\"widget\" data-widget_type=\"theme-post-title.default\">\n\t\t\t\t<div class=\"elementor-widget-container\">\n\t\t\t\t\t<h4 class=\"elementor-heading-title elementor-size-default\">Tetra Casa<\/h4>\t\t\t\t<\/div>\n\t\t\t\t<\/div>\n\t\t\t\t\t<\/div>\n\t\t<\/div>\n\t\t\t\t\t<\/div>\n\t\t<\/section>\n\t\t\t\t<\/div>\n\t\t<\/div>\t\t<\/article>\n\t\t\t\t<article id=\"post-9168\" class=\"elementor-post elementor-grid-item ecs-post-loop swiper-slide post-9168 cubreradiadores type-cubreradiadores status-publish has-post-thumbnail hentry categorias-cubreradiadores-originales-fr\">\n\t\t<div class=\"ecs-link-wrapper\" data-href=\"https:\/\/emoble.es\/fr\/tetra-espacio\/\"  data-rel = \"nofollow\" >\t\t<div data-elementor-type=\"loop\" data-elementor-id=\"1038\" class=\"elementor elementor-1038 post-9168 cubreradiadores type-cubreradiadores status-publish has-post-thumbnail hentry categorias-cubreradiadores-originales-fr\" data-elementor-post-type=\"elementor_library\">\n\t\t\t<style>#post-9168 .elementor-1038 .elementor-element.elementor-element-cdb93ba:not(.elementor-motion-effects-element-type-background), #post-9168 .elementor-1038 .elementor-element.elementor-element-cdb93ba > .elementor-motion-effects-container > .elementor-motion-effects-layer{background-image: url(\"https:\/\/emoble.es\/wp-content\/uploads\/2022\/04\/Cubreradiador-Tetra-Espacio-Emoble.jpg\");}<\/style>\t\t<section class=\"elementor-section elementor-top-section elementor-element elementor-element-cdb93ba elementor-section-full_width elementor-section-height-min-height loop_home_box elementor-section-height-default elementor-section-items-middle\" data-id=\"cdb93ba\" data-element_type=\"section\" data-e-type=\"section\" data-settings=\"{&quot;background_background&quot;:&quot;classic&quot;}\">\n\t\t\t\t\t\t<div class=\"elementor-container elementor-column-gap-default\">\n\t\t\t\t\t<div class=\"elementor-column elementor-col-100 elementor-top-column elementor-element elementor-element-f1ad92c\" data-id=\"f1ad92c\" data-element_type=\"column\" data-e-type=\"column\">\n\t\t\t<div class=\"elementor-widget-wrap elementor-element-populated\">\n\t\t\t\t\t\t<div class=\"elementor-element elementor-element-77d9ec5 brn elementor-widget elementor-widget-spacer\" data-id=\"77d9ec5\" data-element_type=\"widget\" data-e-type=\"widget\" data-widget_type=\"spacer.default\">\n\t\t\t\t<div class=\"elementor-widget-container\">\n\t\t\t\t\t\t\t<div class=\"elementor-spacer\">\n\t\t\t<div class=\"elementor-spacer-inner\"><\/div>\n\t\t<\/div>\n\t\t\t\t\t\t<\/div>\n\t\t\t\t<\/div>\n\t\t\t\t<div class=\"elementor-element elementor-element-ae21497 elementor-widget elementor-widget-theme-post-title elementor-page-title elementor-widget-heading\" data-id=\"ae21497\" data-element_type=\"widget\" data-e-type=\"widget\" data-widget_type=\"theme-post-title.default\">\n\t\t\t\t<div class=\"elementor-widget-container\">\n\t\t\t\t\t<h4 class=\"elementor-heading-title elementor-size-default\">Tetra Espacio<\/h4>\t\t\t\t<\/div>\n\t\t\t\t<\/div>\n\t\t\t\t\t<\/div>\n\t\t<\/div>\n\t\t\t\t\t<\/div>\n\t\t<\/section>\n\t\t\t\t<\/div>\n\t\t<\/div>\t\t<\/article>\n\t\t\t\t<article id=\"post-9193\" class=\"elementor-post elementor-grid-item ecs-post-loop swiper-slide post-9193 cubreradiadores type-cubreradiadores status-publish has-post-thumbnail hentry categorias-cubreradiadores-modernos-fr\">\n\t\t<div class=\"ecs-link-wrapper\" data-href=\"https:\/\/emoble.es\/fr\/sunrise\/\"  data-rel = \"nofollow\" >\t\t<div data-elementor-type=\"loop\" data-elementor-id=\"1038\" class=\"elementor elementor-1038 post-9193 cubreradiadores type-cubreradiadores status-publish has-post-thumbnail hentry categorias-cubreradiadores-modernos-fr\" data-elementor-post-type=\"elementor_library\">\n\t\t\t<style>#post-9193 .elementor-1038 .elementor-element.elementor-element-cdb93ba:not(.elementor-motion-effects-element-type-background), #post-9193 .elementor-1038 .elementor-element.elementor-element-cdb93ba > .elementor-motion-effects-container > .elementor-motion-effects-layer{background-image: url(\"https:\/\/emoble.es\/wp-content\/uploads\/2022\/04\/PRODUCTO-18-FOTO-1-Cubreradiador-Sunrise-Emoble.jpg\");}<\/style>\t\t<section class=\"elementor-section elementor-top-section elementor-element elementor-element-cdb93ba elementor-section-full_width elementor-section-height-min-height loop_home_box elementor-section-height-default elementor-section-items-middle\" data-id=\"cdb93ba\" data-element_type=\"section\" data-e-type=\"section\" data-settings=\"{&quot;background_background&quot;:&quot;classic&quot;}\">\n\t\t\t\t\t\t<div class=\"elementor-container elementor-column-gap-default\">\n\t\t\t\t\t<div class=\"elementor-column elementor-col-100 elementor-top-column elementor-element elementor-element-f1ad92c\" data-id=\"f1ad92c\" data-element_type=\"column\" data-e-type=\"column\">\n\t\t\t<div class=\"elementor-widget-wrap elementor-element-populated\">\n\t\t\t\t\t\t<div class=\"elementor-element elementor-element-77d9ec5 brn elementor-widget elementor-widget-spacer\" data-id=\"77d9ec5\" data-element_type=\"widget\" data-e-type=\"widget\" data-widget_type=\"spacer.default\">\n\t\t\t\t<div class=\"elementor-widget-container\">\n\t\t\t\t\t\t\t<div class=\"elementor-spacer\">\n\t\t\t<div class=\"elementor-spacer-inner\"><\/div>\n\t\t<\/div>\n\t\t\t\t\t\t<\/div>\n\t\t\t\t<\/div>\n\t\t\t\t<div class=\"elementor-element elementor-element-ae21497 elementor-widget elementor-widget-theme-post-title elementor-page-title elementor-widget-heading\" data-id=\"ae21497\" data-element_type=\"widget\" data-e-type=\"widget\" data-widget_type=\"theme-post-title.default\">\n\t\t\t\t<div class=\"elementor-widget-container\">\n\t\t\t\t\t<h4 class=\"elementor-heading-title elementor-size-default\">Sunrise<\/h4>\t\t\t\t<\/div>\n\t\t\t\t<\/div>\n\t\t\t\t\t<\/div>\n\t\t<\/div>\n\t\t\t\t\t<\/div>\n\t\t<\/section>\n\t\t\t\t<\/div>\n\t\t<\/div>\t\t<\/article>\n\t\t\t\t<article id=\"post-9170\" class=\"elementor-post elementor-grid-item ecs-post-loop swiper-slide post-9170 cubreradiadores type-cubreradiadores status-publish has-post-thumbnail hentry categorias-cubreradiadores-originales-fr\">\n\t\t<div class=\"ecs-link-wrapper\" data-href=\"https:\/\/emoble.es\/fr\/meudo-bajo-del-mar\/\"  data-rel = \"nofollow\" >\t\t<div data-elementor-type=\"loop\" data-elementor-id=\"1038\" class=\"elementor elementor-1038 post-9170 cubreradiadores type-cubreradiadores status-publish has-post-thumbnail hentry categorias-cubreradiadores-originales-fr\" data-elementor-post-type=\"elementor_library\">\n\t\t\t<style>#post-9170 .elementor-1038 .elementor-element.elementor-element-cdb93ba:not(.elementor-motion-effects-element-type-background), #post-9170 .elementor-1038 .elementor-element.elementor-element-cdb93ba > .elementor-motion-effects-container > .elementor-motion-effects-layer{background-image: url(\"https:\/\/emoble.es\/wp-content\/uploads\/2022\/04\/Cubreradiador-Meudo-Bajo-del-mar-Emoble.jpg\");}<\/style>\t\t<section class=\"elementor-section elementor-top-section elementor-element elementor-element-cdb93ba elementor-section-full_width elementor-section-height-min-height loop_home_box elementor-section-height-default elementor-section-items-middle\" data-id=\"cdb93ba\" data-element_type=\"section\" data-e-type=\"section\" data-settings=\"{&quot;background_background&quot;:&quot;classic&quot;}\">\n\t\t\t\t\t\t<div class=\"elementor-container elementor-column-gap-default\">\n\t\t\t\t\t<div class=\"elementor-column elementor-col-100 elementor-top-column elementor-element elementor-element-f1ad92c\" data-id=\"f1ad92c\" data-element_type=\"column\" data-e-type=\"column\">\n\t\t\t<div class=\"elementor-widget-wrap elementor-element-populated\">\n\t\t\t\t\t\t<div class=\"elementor-element elementor-element-77d9ec5 brn elementor-widget elementor-widget-spacer\" data-id=\"77d9ec5\" data-element_type=\"widget\" data-e-type=\"widget\" data-widget_type=\"spacer.default\">\n\t\t\t\t<div class=\"elementor-widget-container\">\n\t\t\t\t\t\t\t<div class=\"elementor-spacer\">\n\t\t\t<div class=\"elementor-spacer-inner\"><\/div>\n\t\t<\/div>\n\t\t\t\t\t\t<\/div>\n\t\t\t\t<\/div>\n\t\t\t\t<div class=\"elementor-element elementor-element-ae21497 elementor-widget elementor-widget-theme-post-title elementor-page-title elementor-widget-heading\" data-id=\"ae21497\" data-element_type=\"widget\" data-e-type=\"widget\" data-widget_type=\"theme-post-title.default\">\n\t\t\t\t<div class=\"elementor-widget-container\">\n\t\t\t\t\t<h4 class=\"elementor-heading-title elementor-size-default\">Meudo Bajo del Mar<\/h4>\t\t\t\t<\/div>\n\t\t\t\t<\/div>\n\t\t\t\t\t<\/div>\n\t\t<\/div>\n\t\t\t\t\t<\/div>\n\t\t<\/section>\n\t\t\t\t<\/div>\n\t\t<\/div>\t\t<\/article>\n\t\t\t\t<article id=\"post-9174\" class=\"elementor-post elementor-grid-item ecs-post-loop swiper-slide post-9174 cubreradiadores type-cubreradiadores status-publish has-post-thumbnail hentry categorias-cubreradiadores-clasicos-6-fr\">\n\t\t<div class=\"ecs-link-wrapper\" data-href=\"https:\/\/emoble.es\/fr\/dual-con-vitrina\/\"  data-rel = \"nofollow\" >\t\t<div data-elementor-type=\"loop\" data-elementor-id=\"1038\" class=\"elementor elementor-1038 post-9174 cubreradiadores type-cubreradiadores status-publish has-post-thumbnail hentry categorias-cubreradiadores-clasicos-6-fr\" data-elementor-post-type=\"elementor_library\">\n\t\t\t<style>#post-9174 .elementor-1038 .elementor-element.elementor-element-cdb93ba:not(.elementor-motion-effects-element-type-background), #post-9174 .elementor-1038 .elementor-element.elementor-element-cdb93ba > .elementor-motion-effects-container > .elementor-motion-effects-layer{background-image: url(\"https:\/\/emoble.es\/wp-content\/uploads\/2022\/04\/Cubreradiador-Dual-con-vitrina-Emoble-2.png\");}<\/style>\t\t<section class=\"elementor-section elementor-top-section elementor-element elementor-element-cdb93ba elementor-section-full_width elementor-section-height-min-height loop_home_box elementor-section-height-default elementor-section-items-middle\" data-id=\"cdb93ba\" data-element_type=\"section\" data-e-type=\"section\" data-settings=\"{&quot;background_background&quot;:&quot;classic&quot;}\">\n\t\t\t\t\t\t<div class=\"elementor-container elementor-column-gap-default\">\n\t\t\t\t\t<div class=\"elementor-column elementor-col-100 elementor-top-column elementor-element elementor-element-f1ad92c\" data-id=\"f1ad92c\" data-element_type=\"column\" data-e-type=\"column\">\n\t\t\t<div class=\"elementor-widget-wrap elementor-element-populated\">\n\t\t\t\t\t\t<div class=\"elementor-element elementor-element-77d9ec5 brn elementor-widget elementor-widget-spacer\" data-id=\"77d9ec5\" data-element_type=\"widget\" data-e-type=\"widget\" data-widget_type=\"spacer.default\">\n\t\t\t\t<div class=\"elementor-widget-container\">\n\t\t\t\t\t\t\t<div class=\"elementor-spacer\">\n\t\t\t<div class=\"elementor-spacer-inner\"><\/div>\n\t\t<\/div>\n\t\t\t\t\t\t<\/div>\n\t\t\t\t<\/div>\n\t\t\t\t<div class=\"elementor-element elementor-element-ae21497 elementor-widget elementor-widget-theme-post-title elementor-page-title elementor-widget-heading\" data-id=\"ae21497\" data-element_type=\"widget\" data-e-type=\"widget\" data-widget_type=\"theme-post-title.default\">\n\t\t\t\t<div class=\"elementor-widget-container\">\n\t\t\t\t\t<h4 class=\"elementor-heading-title elementor-size-default\">Dual con vitrina<\/h4>\t\t\t\t<\/div>\n\t\t\t\t<\/div>\n\t\t\t\t\t<\/div>\n\t\t<\/div>\n\t\t\t\t\t<\/div>\n\t\t<\/section>\n\t\t\t\t<\/div>\n\t\t<\/div>\t\t<\/article>\n\t\t\t\t<article id=\"post-9181\" class=\"elementor-post elementor-grid-item ecs-post-loop swiper-slide post-9181 cubreradiadores type-cubreradiadores status-publish has-post-thumbnail hentry categorias-cubreradiadores-clasicos-6-fr\">\n\t\t<div class=\"ecs-link-wrapper\" data-href=\"https:\/\/emoble.es\/fr\/picassent\/\"  data-rel = \"nofollow\" >\t\t<div data-elementor-type=\"loop\" data-elementor-id=\"1038\" class=\"elementor elementor-1038 post-9181 cubreradiadores type-cubreradiadores status-publish has-post-thumbnail hentry categorias-cubreradiadores-clasicos-6-fr\" data-elementor-post-type=\"elementor_library\">\n\t\t\t<style>#post-9181 .elementor-1038 .elementor-element.elementor-element-cdb93ba:not(.elementor-motion-effects-element-type-background), #post-9181 .elementor-1038 .elementor-element.elementor-element-cdb93ba > .elementor-motion-effects-container > .elementor-motion-effects-layer{background-image: url(\"https:\/\/emoble.es\/wp-content\/uploads\/2022\/04\/PRODUCTO-31-FOTO-1-Cubreradiador-Picassent-Emoble.png\");}<\/style>\t\t<section class=\"elementor-section elementor-top-section elementor-element elementor-element-cdb93ba elementor-section-full_width elementor-section-height-min-height loop_home_box elementor-section-height-default elementor-section-items-middle\" data-id=\"cdb93ba\" data-element_type=\"section\" data-e-type=\"section\" data-settings=\"{&quot;background_background&quot;:&quot;classic&quot;}\">\n\t\t\t\t\t\t<div class=\"elementor-container elementor-column-gap-default\">\n\t\t\t\t\t<div class=\"elementor-column elementor-col-100 elementor-top-column elementor-element elementor-element-f1ad92c\" data-id=\"f1ad92c\" data-element_type=\"column\" data-e-type=\"column\">\n\t\t\t<div class=\"elementor-widget-wrap elementor-element-populated\">\n\t\t\t\t\t\t<div class=\"elementor-element elementor-element-77d9ec5 brn elementor-widget elementor-widget-spacer\" data-id=\"77d9ec5\" data-element_type=\"widget\" data-e-type=\"widget\" data-widget_type=\"spacer.default\">\n\t\t\t\t<div class=\"elementor-widget-container\">\n\t\t\t\t\t\t\t<div class=\"elementor-spacer\">\n\t\t\t<div class=\"elementor-spacer-inner\"><\/div>\n\t\t<\/div>\n\t\t\t\t\t\t<\/div>\n\t\t\t\t<\/div>\n\t\t\t\t<div class=\"elementor-element elementor-element-ae21497 elementor-widget elementor-widget-theme-post-title elementor-page-title elementor-widget-heading\" data-id=\"ae21497\" data-element_type=\"widget\" data-e-type=\"widget\" data-widget_type=\"theme-post-title.default\">\n\t\t\t\t<div class=\"elementor-widget-container\">\n\t\t\t\t\t<h4 class=\"elementor-heading-title elementor-size-default\">Picassent<\/h4>\t\t\t\t<\/div>\n\t\t\t\t<\/div>\n\t\t\t\t\t<\/div>\n\t\t<\/div>\n\t\t\t\t\t<\/div>\n\t\t<\/section>\n\t\t\t\t<\/div>\n\t\t<\/div>\t\t<\/article>\n\t\t\t\t<article id=\"post-9212\" class=\"elementor-post elementor-grid-item ecs-post-loop swiper-slide post-9212 cubreradiadores type-cubreradiadores status-publish has-post-thumbnail hentry categorias-cubreradiadores-diseno-fr\">\n\t\t<div class=\"ecs-link-wrapper\" data-href=\"https:\/\/emoble.es\/fr\/lineo\/\"  data-rel = \"nofollow\" >\t\t<div data-elementor-type=\"loop\" data-elementor-id=\"1038\" class=\"elementor elementor-1038 post-9212 cubreradiadores type-cubreradiadores status-publish has-post-thumbnail hentry categorias-cubreradiadores-diseno-fr\" data-elementor-post-type=\"elementor_library\">\n\t\t\t<style>#post-9212 .elementor-1038 .elementor-element.elementor-element-cdb93ba:not(.elementor-motion-effects-element-type-background), #post-9212 .elementor-1038 .elementor-element.elementor-element-cdb93ba > .elementor-motion-effects-container > .elementor-motion-effects-layer{background-image: url(\"https:\/\/emoble.es\/wp-content\/uploads\/2022\/03\/cubreradiador-diseno-lineo.jpg\");}<\/style>\t\t<section class=\"elementor-section elementor-top-section elementor-element elementor-element-cdb93ba elementor-section-full_width elementor-section-height-min-height loop_home_box elementor-section-height-default elementor-section-items-middle\" data-id=\"cdb93ba\" data-element_type=\"section\" data-e-type=\"section\" data-settings=\"{&quot;background_background&quot;:&quot;classic&quot;}\">\n\t\t\t\t\t\t<div class=\"elementor-container elementor-column-gap-default\">\n\t\t\t\t\t<div class=\"elementor-column elementor-col-100 elementor-top-column elementor-element elementor-element-f1ad92c\" data-id=\"f1ad92c\" data-element_type=\"column\" data-e-type=\"column\">\n\t\t\t<div class=\"elementor-widget-wrap elementor-element-populated\">\n\t\t\t\t\t\t<div class=\"elementor-element elementor-element-77d9ec5 brn elementor-widget elementor-widget-spacer\" data-id=\"77d9ec5\" data-element_type=\"widget\" data-e-type=\"widget\" data-widget_type=\"spacer.default\">\n\t\t\t\t<div class=\"elementor-widget-container\">\n\t\t\t\t\t\t\t<div class=\"elementor-spacer\">\n\t\t\t<div class=\"elementor-spacer-inner\"><\/div>\n\t\t<\/div>\n\t\t\t\t\t\t<\/div>\n\t\t\t\t<\/div>\n\t\t\t\t<div class=\"elementor-element elementor-element-ae21497 elementor-widget elementor-widget-theme-post-title elementor-page-title elementor-widget-heading\" data-id=\"ae21497\" data-element_type=\"widget\" data-e-type=\"widget\" data-widget_type=\"theme-post-title.default\">\n\t\t\t\t<div class=\"elementor-widget-container\">\n\t\t\t\t\t<h4 class=\"elementor-heading-title elementor-size-default\">Lineo<\/h4>\t\t\t\t<\/div>\n\t\t\t\t<\/div>\n\t\t\t\t\t<\/div>\n\t\t<\/div>\n\t\t\t\t\t<\/div>\n\t\t<\/section>\n\t\t\t\t<\/div>\n\t\t<\/div>\t\t<\/article>\n\t\t\t\t<article id=\"post-9188\" class=\"elementor-post elementor-grid-item ecs-post-loop swiper-slide post-9188 cubreradiadores type-cubreradiadores status-publish has-post-thumbnail hentry categorias-cubreradiadores-modernos-fr\">\n\t\t<div class=\"ecs-link-wrapper\" data-href=\"https:\/\/emoble.es\/fr\/lucern-con-cajones\/\"  data-rel = \"nofollow\" >\t\t<div data-elementor-type=\"loop\" data-elementor-id=\"1038\" class=\"elementor elementor-1038 post-9188 cubreradiadores type-cubreradiadores status-publish has-post-thumbnail hentry categorias-cubreradiadores-modernos-fr\" data-elementor-post-type=\"elementor_library\">\n\t\t\t<style>#post-9188 .elementor-1038 .elementor-element.elementor-element-cdb93ba:not(.elementor-motion-effects-element-type-background), #post-9188 .elementor-1038 .elementor-element.elementor-element-cdb93ba > .elementor-motion-effects-container > .elementor-motion-effects-layer{background-image: url(\"https:\/\/emoble.es\/wp-content\/uploads\/2022\/04\/PRODUCTO-23-FOTO-1-Cubreradiador-Lucern-con-cajon-Emoble.png\");}<\/style>\t\t<section class=\"elementor-section elementor-top-section elementor-element elementor-element-cdb93ba elementor-section-full_width elementor-section-height-min-height loop_home_box elementor-section-height-default elementor-section-items-middle\" data-id=\"cdb93ba\" data-element_type=\"section\" data-e-type=\"section\" data-settings=\"{&quot;background_background&quot;:&quot;classic&quot;}\">\n\t\t\t\t\t\t<div class=\"elementor-container elementor-column-gap-default\">\n\t\t\t\t\t<div class=\"elementor-column elementor-col-100 elementor-top-column elementor-element elementor-element-f1ad92c\" data-id=\"f1ad92c\" data-element_type=\"column\" data-e-type=\"column\">\n\t\t\t<div class=\"elementor-widget-wrap elementor-element-populated\">\n\t\t\t\t\t\t<div class=\"elementor-element elementor-element-77d9ec5 brn elementor-widget elementor-widget-spacer\" data-id=\"77d9ec5\" data-element_type=\"widget\" data-e-type=\"widget\" data-widget_type=\"spacer.default\">\n\t\t\t\t<div class=\"elementor-widget-container\">\n\t\t\t\t\t\t\t<div class=\"elementor-spacer\">\n\t\t\t<div class=\"elementor-spacer-inner\"><\/div>\n\t\t<\/div>\n\t\t\t\t\t\t<\/div>\n\t\t\t\t<\/div>\n\t\t\t\t<div class=\"elementor-element elementor-element-ae21497 elementor-widget elementor-widget-theme-post-title elementor-page-title elementor-widget-heading\" data-id=\"ae21497\" data-element_type=\"widget\" data-e-type=\"widget\" data-widget_type=\"theme-post-title.default\">\n\t\t\t\t<div class=\"elementor-widget-container\">\n\t\t\t\t\t<h4 class=\"elementor-heading-title elementor-size-default\">Lucern con cajones<\/h4>\t\t\t\t<\/div>\n\t\t\t\t<\/div>\n\t\t\t\t\t<\/div>\n\t\t<\/div>\n\t\t\t\t\t<\/div>\n\t\t<\/section>\n\t\t\t\t<\/div>\n\t\t<\/div>\t\t<\/article>\n\t\t\t\t<article id=\"post-9186\" class=\"elementor-post elementor-grid-item ecs-post-loop swiper-slide post-9186 cubreradiadores type-cubreradiadores status-publish has-post-thumbnail hentry categorias-cubreradiadores-originales-fr\">\n\t\t<div class=\"ecs-link-wrapper\" data-href=\"https:\/\/emoble.es\/fr\/tetra-flores\/\"  data-rel = \"nofollow\" >\t\t<div data-elementor-type=\"loop\" data-elementor-id=\"1038\" class=\"elementor elementor-1038 post-9186 cubreradiadores type-cubreradiadores status-publish has-post-thumbnail hentry categorias-cubreradiadores-originales-fr\" data-elementor-post-type=\"elementor_library\">\n\t\t\t<style>#post-9186 .elementor-1038 .elementor-element.elementor-element-cdb93ba:not(.elementor-motion-effects-element-type-background), #post-9186 .elementor-1038 .elementor-element.elementor-element-cdb93ba > .elementor-motion-effects-container > .elementor-motion-effects-layer{background-image: url(\"https:\/\/emoble.es\/wp-content\/uploads\/2022\/04\/PRODUCTO-25-FOTO-1-Cubreradiador-Tetra-impresion-flores-Emoble.jpg\");}<\/style>\t\t<section class=\"elementor-section elementor-top-section elementor-element elementor-element-cdb93ba elementor-section-full_width elementor-section-height-min-height loop_home_box elementor-section-height-default elementor-section-items-middle\" data-id=\"cdb93ba\" data-element_type=\"section\" data-e-type=\"section\" data-settings=\"{&quot;background_background&quot;:&quot;classic&quot;}\">\n\t\t\t\t\t\t<div class=\"elementor-container elementor-column-gap-default\">\n\t\t\t\t\t<div class=\"elementor-column elementor-col-100 elementor-top-column elementor-element elementor-element-f1ad92c\" data-id=\"f1ad92c\" data-element_type=\"column\" data-e-type=\"column\">\n\t\t\t<div class=\"elementor-widget-wrap elementor-element-populated\">\n\t\t\t\t\t\t<div class=\"elementor-element elementor-element-77d9ec5 brn elementor-widget elementor-widget-spacer\" data-id=\"77d9ec5\" data-element_type=\"widget\" data-e-type=\"widget\" data-widget_type=\"spacer.default\">\n\t\t\t\t<div class=\"elementor-widget-container\">\n\t\t\t\t\t\t\t<div class=\"elementor-spacer\">\n\t\t\t<div class=\"elementor-spacer-inner\"><\/div>\n\t\t<\/div>\n\t\t\t\t\t\t<\/div>\n\t\t\t\t<\/div>\n\t\t\t\t<div class=\"elementor-element elementor-element-ae21497 elementor-widget elementor-widget-theme-post-title elementor-page-title elementor-widget-heading\" data-id=\"ae21497\" data-element_type=\"widget\" data-e-type=\"widget\" data-widget_type=\"theme-post-title.default\">\n\t\t\t\t<div class=\"elementor-widget-container\">\n\t\t\t\t\t<h4 class=\"elementor-heading-title elementor-size-default\">Tetra Flores<\/h4>\t\t\t\t<\/div>\n\t\t\t\t<\/div>\n\t\t\t\t\t<\/div>\n\t\t<\/div>\n\t\t\t\t\t<\/div>\n\t\t<\/section>\n\t\t\t\t<\/div>\n\t\t<\/div>\t\t<\/article>\n\t\t\t\t<article id=\"post-9178\" class=\"elementor-post elementor-grid-item ecs-post-loop swiper-slide post-9178 cubreradiadores type-cubreradiadores status-publish has-post-thumbnail hentry categorias-cubreradiadores-clasicos-6-fr\">\n\t\t<div class=\"ecs-link-wrapper\" data-href=\"https:\/\/emoble.es\/fr\/geometrico\/\"  data-rel = \"nofollow\" >\t\t<div data-elementor-type=\"loop\" data-elementor-id=\"1038\" class=\"elementor elementor-1038 post-9178 cubreradiadores type-cubreradiadores status-publish has-post-thumbnail hentry categorias-cubreradiadores-clasicos-6-fr\" data-elementor-post-type=\"elementor_library\">\n\t\t\t<style>#post-9178 .elementor-1038 .elementor-element.elementor-element-cdb93ba:not(.elementor-motion-effects-element-type-background), #post-9178 .elementor-1038 .elementor-element.elementor-element-cdb93ba > .elementor-motion-effects-container > .elementor-motion-effects-layer{background-image: url(\"https:\/\/emoble.es\/wp-content\/uploads\/2022\/04\/PRODUCTO-34-FOTO-1-Cubreradiador-Geometrico-Emoble.jpg\");}<\/style>\t\t<section class=\"elementor-section elementor-top-section elementor-element elementor-element-cdb93ba elementor-section-full_width elementor-section-height-min-height loop_home_box elementor-section-height-default elementor-section-items-middle\" data-id=\"cdb93ba\" data-element_type=\"section\" data-e-type=\"section\" data-settings=\"{&quot;background_background&quot;:&quot;classic&quot;}\">\n\t\t\t\t\t\t<div class=\"elementor-container elementor-column-gap-default\">\n\t\t\t\t\t<div class=\"elementor-column elementor-col-100 elementor-top-column elementor-element elementor-element-f1ad92c\" data-id=\"f1ad92c\" data-element_type=\"column\" data-e-type=\"column\">\n\t\t\t<div class=\"elementor-widget-wrap elementor-element-populated\">\n\t\t\t\t\t\t<div class=\"elementor-element elementor-element-77d9ec5 brn elementor-widget elementor-widget-spacer\" data-id=\"77d9ec5\" data-element_type=\"widget\" data-e-type=\"widget\" data-widget_type=\"spacer.default\">\n\t\t\t\t<div class=\"elementor-widget-container\">\n\t\t\t\t\t\t\t<div class=\"elementor-spacer\">\n\t\t\t<div class=\"elementor-spacer-inner\"><\/div>\n\t\t<\/div>\n\t\t\t\t\t\t<\/div>\n\t\t\t\t<\/div>\n\t\t\t\t<div class=\"elementor-element elementor-element-ae21497 elementor-widget elementor-widget-theme-post-title elementor-page-title elementor-widget-heading\" data-id=\"ae21497\" data-element_type=\"widget\" data-e-type=\"widget\" data-widget_type=\"theme-post-title.default\">\n\t\t\t\t<div class=\"elementor-widget-container\">\n\t\t\t\t\t<h4 class=\"elementor-heading-title elementor-size-default\">Geom\u00e9trico<\/h4>\t\t\t\t<\/div>\n\t\t\t\t<\/div>\n\t\t\t\t\t<\/div>\n\t\t<\/div>\n\t\t\t\t\t<\/div>\n\t\t<\/section>\n\t\t\t\t<\/div>\n\t\t<\/div>\t\t<\/article>\n\t\t\t\t<article id=\"post-9173\" class=\"elementor-post elementor-grid-item ecs-post-loop swiper-slide post-9173 cubreradiadores type-cubreradiadores status-publish has-post-thumbnail hentry categorias-cubreradiadores-originales-fr\">\n\t\t<div class=\"ecs-link-wrapper\" data-href=\"https:\/\/emoble.es\/fr\/lucern-a-dormir\/\"  data-rel = \"nofollow\" >\t\t<div data-elementor-type=\"loop\" data-elementor-id=\"1038\" class=\"elementor elementor-1038 post-9173 cubreradiadores type-cubreradiadores status-publish has-post-thumbnail hentry categorias-cubreradiadores-originales-fr\" data-elementor-post-type=\"elementor_library\">\n\t\t\t<style>#post-9173 .elementor-1038 .elementor-element.elementor-element-cdb93ba:not(.elementor-motion-effects-element-type-background), #post-9173 .elementor-1038 .elementor-element.elementor-element-cdb93ba > .elementor-motion-effects-container > .elementor-motion-effects-layer{background-image: url(\"https:\/\/emoble.es\/wp-content\/uploads\/2022\/04\/Cubreradiador-Lucern-A-dormir-Emoble-1.jpg\");}<\/style>\t\t<section class=\"elementor-section elementor-top-section elementor-element elementor-element-cdb93ba elementor-section-full_width elementor-section-height-min-height loop_home_box elementor-section-height-default elementor-section-items-middle\" data-id=\"cdb93ba\" data-element_type=\"section\" data-e-type=\"section\" data-settings=\"{&quot;background_background&quot;:&quot;classic&quot;}\">\n\t\t\t\t\t\t<div class=\"elementor-container elementor-column-gap-default\">\n\t\t\t\t\t<div class=\"elementor-column elementor-col-100 elementor-top-column elementor-element elementor-element-f1ad92c\" data-id=\"f1ad92c\" data-element_type=\"column\" data-e-type=\"column\">\n\t\t\t<div class=\"elementor-widget-wrap elementor-element-populated\">\n\t\t\t\t\t\t<div class=\"elementor-element elementor-element-77d9ec5 brn elementor-widget elementor-widget-spacer\" data-id=\"77d9ec5\" data-element_type=\"widget\" data-e-type=\"widget\" data-widget_type=\"spacer.default\">\n\t\t\t\t<div class=\"elementor-widget-container\">\n\t\t\t\t\t\t\t<div class=\"elementor-spacer\">\n\t\t\t<div class=\"elementor-spacer-inner\"><\/div>\n\t\t<\/div>\n\t\t\t\t\t\t<\/div>\n\t\t\t\t<\/div>\n\t\t\t\t<div class=\"elementor-element elementor-element-ae21497 elementor-widget elementor-widget-theme-post-title elementor-page-title elementor-widget-heading\" data-id=\"ae21497\" data-element_type=\"widget\" data-e-type=\"widget\" data-widget_type=\"theme-post-title.default\">\n\t\t\t\t<div class=\"elementor-widget-container\">\n\t\t\t\t\t<h4 class=\"elementor-heading-title elementor-size-default\">Lucern a dormir<\/h4>\t\t\t\t<\/div>\n\t\t\t\t<\/div>\n\t\t\t\t\t<\/div>\n\t\t<\/div>\n\t\t\t\t\t<\/div>\n\t\t<\/section>\n\t\t\t\t<\/div>\n\t\t<\/div>\t\t<\/article>\n\t\t\t\t<article id=\"post-9201\" class=\"elementor-post elementor-grid-item ecs-post-loop swiper-slide post-9201 cubreradiadores type-cubreradiadores status-publish has-post-thumbnail hentry categorias-cubreradiadores-diseno-fr\">\n\t\t<div class=\"ecs-link-wrapper\" data-href=\"https:\/\/emoble.es\/fr\/eline-con-cajon\/\"  data-rel = \"nofollow\" >\t\t<div data-elementor-type=\"loop\" data-elementor-id=\"1038\" class=\"elementor elementor-1038 post-9201 cubreradiadores type-cubreradiadores status-publish has-post-thumbnail hentry categorias-cubreradiadores-diseno-fr\" data-elementor-post-type=\"elementor_library\">\n\t\t\t<style>#post-9201 .elementor-1038 .elementor-element.elementor-element-cdb93ba:not(.elementor-motion-effects-element-type-background), #post-9201 .elementor-1038 .elementor-element.elementor-element-cdb93ba > .elementor-motion-effects-container > .elementor-motion-effects-layer{background-image: url(\"https:\/\/emoble.es\/wp-content\/uploads\/2022\/04\/PRODUCTO-9-FOTO-1-Cubreradiador-Eline-cajon-Emoble.png\");}<\/style>\t\t<section class=\"elementor-section elementor-top-section elementor-element elementor-element-cdb93ba elementor-section-full_width elementor-section-height-min-height loop_home_box elementor-section-height-default elementor-section-items-middle\" data-id=\"cdb93ba\" data-element_type=\"section\" data-e-type=\"section\" data-settings=\"{&quot;background_background&quot;:&quot;classic&quot;}\">\n\t\t\t\t\t\t<div class=\"elementor-container elementor-column-gap-default\">\n\t\t\t\t\t<div class=\"elementor-column elementor-col-100 elementor-top-column elementor-element elementor-element-f1ad92c\" data-id=\"f1ad92c\" data-element_type=\"column\" data-e-type=\"column\">\n\t\t\t<div class=\"elementor-widget-wrap elementor-element-populated\">\n\t\t\t\t\t\t<div class=\"elementor-element elementor-element-77d9ec5 brn elementor-widget elementor-widget-spacer\" data-id=\"77d9ec5\" data-element_type=\"widget\" data-e-type=\"widget\" data-widget_type=\"spacer.default\">\n\t\t\t\t<div class=\"elementor-widget-container\">\n\t\t\t\t\t\t\t<div class=\"elementor-spacer\">\n\t\t\t<div class=\"elementor-spacer-inner\"><\/div>\n\t\t<\/div>\n\t\t\t\t\t\t<\/div>\n\t\t\t\t<\/div>\n\t\t\t\t<div class=\"elementor-element elementor-element-ae21497 elementor-widget elementor-widget-theme-post-title elementor-page-title elementor-widget-heading\" data-id=\"ae21497\" data-element_type=\"widget\" data-e-type=\"widget\" data-widget_type=\"theme-post-title.default\">\n\t\t\t\t<div class=\"elementor-widget-container\">\n\t\t\t\t\t<h4 class=\"elementor-heading-title elementor-size-default\">Eline con caj\u00f3n<\/h4>\t\t\t\t<\/div>\n\t\t\t\t<\/div>\n\t\t\t\t\t<\/div>\n\t\t<\/div>\n\t\t\t\t\t<\/div>\n\t\t<\/section>\n\t\t\t\t<\/div>\n\t\t<\/div>\t\t<\/article>\n\t\t\t\t<article id=\"post-9208\" class=\"elementor-post elementor-grid-item ecs-post-loop swiper-slide post-9208 cubreradiadores type-cubreradiadores status-publish has-post-thumbnail hentry categorias-cubreradiadores-modernos-fr\">\n\t\t<div class=\"ecs-link-wrapper\" data-href=\"https:\/\/emoble.es\/fr\/tetra\/\"  data-rel = \"nofollow\" >\t\t<div data-elementor-type=\"loop\" data-elementor-id=\"1038\" class=\"elementor elementor-1038 post-9208 cubreradiadores type-cubreradiadores status-publish has-post-thumbnail hentry categorias-cubreradiadores-modernos-fr\" data-elementor-post-type=\"elementor_library\">\n\t\t\t<style>#post-9208 .elementor-1038 .elementor-element.elementor-element-cdb93ba:not(.elementor-motion-effects-element-type-background), #post-9208 .elementor-1038 .elementor-element.elementor-element-cdb93ba > .elementor-motion-effects-container > .elementor-motion-effects-layer{background-image: url(\"https:\/\/emoble.es\/wp-content\/uploads\/2022\/03\/PRODUCTO-12-FOTO-1-Cubreradiador-Tetra-Emoble.jpg\");}<\/style>\t\t<section class=\"elementor-section elementor-top-section elementor-element elementor-element-cdb93ba elementor-section-full_width elementor-section-height-min-height loop_home_box elementor-section-height-default elementor-section-items-middle\" data-id=\"cdb93ba\" data-element_type=\"section\" data-e-type=\"section\" data-settings=\"{&quot;background_background&quot;:&quot;classic&quot;}\">\n\t\t\t\t\t\t<div class=\"elementor-container elementor-column-gap-default\">\n\t\t\t\t\t<div class=\"elementor-column elementor-col-100 elementor-top-column elementor-element elementor-element-f1ad92c\" data-id=\"f1ad92c\" data-element_type=\"column\" data-e-type=\"column\">\n\t\t\t<div class=\"elementor-widget-wrap elementor-element-populated\">\n\t\t\t\t\t\t<div class=\"elementor-element elementor-element-77d9ec5 brn elementor-widget elementor-widget-spacer\" data-id=\"77d9ec5\" data-element_type=\"widget\" data-e-type=\"widget\" data-widget_type=\"spacer.default\">\n\t\t\t\t<div class=\"elementor-widget-container\">\n\t\t\t\t\t\t\t<div class=\"elementor-spacer\">\n\t\t\t<div class=\"elementor-spacer-inner\"><\/div>\n\t\t<\/div>\n\t\t\t\t\t\t<\/div>\n\t\t\t\t<\/div>\n\t\t\t\t<div class=\"elementor-element elementor-element-ae21497 elementor-widget elementor-widget-theme-post-title elementor-page-title elementor-widget-heading\" data-id=\"ae21497\" data-element_type=\"widget\" data-e-type=\"widget\" data-widget_type=\"theme-post-title.default\">\n\t\t\t\t<div class=\"elementor-widget-container\">\n\t\t\t\t\t<h4 class=\"elementor-heading-title elementor-size-default\">Tetra<\/h4>\t\t\t\t<\/div>\n\t\t\t\t<\/div>\n\t\t\t\t\t<\/div>\n\t\t<\/div>\n\t\t\t\t\t<\/div>\n\t\t<\/section>\n\t\t\t\t<\/div>\n\t\t<\/div>\t\t<\/article>\n\t\t\t\t<article id=\"post-9189\" class=\"elementor-post elementor-grid-item ecs-post-loop swiper-slide post-9189 cubreradiadores type-cubreradiadores status-publish has-post-thumbnail hentry categorias-cubreradiadores-modernos-fr\">\n\t\t<div class=\"ecs-link-wrapper\" data-href=\"https:\/\/emoble.es\/fr\/tetra-con-cajones\/\"  data-rel = \"nofollow\" >\t\t<div data-elementor-type=\"loop\" data-elementor-id=\"1038\" class=\"elementor elementor-1038 post-9189 cubreradiadores type-cubreradiadores status-publish has-post-thumbnail hentry categorias-cubreradiadores-modernos-fr\" data-elementor-post-type=\"elementor_library\">\n\t\t\t<style>#post-9189 .elementor-1038 .elementor-element.elementor-element-cdb93ba:not(.elementor-motion-effects-element-type-background), #post-9189 .elementor-1038 .elementor-element.elementor-element-cdb93ba > .elementor-motion-effects-container > .elementor-motion-effects-layer{background-image: url(\"https:\/\/emoble.es\/wp-content\/uploads\/2022\/04\/PRODUCTO-22-FOTO-1-Cubreradiador-Tetra-con-cajones-Emoble.png\");}<\/style>\t\t<section class=\"elementor-section elementor-top-section elementor-element elementor-element-cdb93ba elementor-section-full_width elementor-section-height-min-height loop_home_box elementor-section-height-default elementor-section-items-middle\" data-id=\"cdb93ba\" data-element_type=\"section\" data-e-type=\"section\" data-settings=\"{&quot;background_background&quot;:&quot;classic&quot;}\">\n\t\t\t\t\t\t<div class=\"elementor-container elementor-column-gap-default\">\n\t\t\t\t\t<div class=\"elementor-column elementor-col-100 elementor-top-column elementor-element elementor-element-f1ad92c\" data-id=\"f1ad92c\" data-element_type=\"column\" data-e-type=\"column\">\n\t\t\t<div class=\"elementor-widget-wrap elementor-element-populated\">\n\t\t\t\t\t\t<div class=\"elementor-element elementor-element-77d9ec5 brn elementor-widget elementor-widget-spacer\" data-id=\"77d9ec5\" data-element_type=\"widget\" data-e-type=\"widget\" data-widget_type=\"spacer.default\">\n\t\t\t\t<div class=\"elementor-widget-container\">\n\t\t\t\t\t\t\t<div class=\"elementor-spacer\">\n\t\t\t<div class=\"elementor-spacer-inner\"><\/div>\n\t\t<\/div>\n\t\t\t\t\t\t<\/div>\n\t\t\t\t<\/div>\n\t\t\t\t<div class=\"elementor-element elementor-element-ae21497 elementor-widget elementor-widget-theme-post-title elementor-page-title elementor-widget-heading\" data-id=\"ae21497\" data-element_type=\"widget\" data-e-type=\"widget\" data-widget_type=\"theme-post-title.default\">\n\t\t\t\t<div class=\"elementor-widget-container\">\n\t\t\t\t\t<h4 class=\"elementor-heading-title elementor-size-default\">Tetra con cajones<\/h4>\t\t\t\t<\/div>\n\t\t\t\t<\/div>\n\t\t\t\t\t<\/div>\n\t\t<\/div>\n\t\t\t\t\t<\/div>\n\t\t<\/section>\n\t\t\t\t<\/div>\n\t\t<\/div>\t\t<\/article>\n\t\t\t\t<\/div>\n\t\t\t\t\t\t\t\t\t\t\t\t\t<\/div>\t\t\t\t<\/div>\n\t\t\t\t<\/div>\n\t\t\t\t\t<\/div>\n\t\t<\/div>\n\t\t\t\t\t<\/div>\n\t\t<\/section>\n\t\t\t\t<\/div>\n\t\t","protected":false},"excerpt":{"rendered":"<p>Aider Comment mesurer votre radiateur Instructions pour mesurer un radiateur Ci-dessous, nous expliquons comment vous devez mesurer vos radiateurs, pour demander un devis. Toutes les mesures seront prises en centim\u00e8tres et peuvent avoir une marge d&rsquo;erreur de plus ou moins 1 centim\u00e8tre, moins dans la plinthe ou le socle. Il est tr\u00e8s important que vous [&hellip;]<\/p>\n","protected":false},"author":1,"featured_media":0,"parent":0,"menu_order":0,"comment_status":"closed","ping_status":"closed","template":"","meta":{"inline_featured_image":false,"ngg_post_thumbnail":0,"footnotes":""},"class_list":["post-9067","page","type-page","status-publish","hentry"],"yoast_head":"<!-- This site is optimized with the Yoast SEO plugin v27.4 - https:\/\/yoast.com\/product\/yoast-seo-wordpress\/ -->\n<title>Comment mesurer votre radiateur - Emoble<\/title>\n<meta name=\"description\" content=\"Mesurez votre radiateur en 4 \u00e9tapes. Chez Emoble nous vous expliquons comment mesurer votre radiateur pour fabriquer votre cache-radiateur sur mesure. En 4 \u00e9tapes faciles vous aurez les mesures !\" \/>\n<meta name=\"robots\" content=\"index, follow, max-snippet:-1, max-image-preview:large, max-video-preview:-1\" \/>\n<link rel=\"canonical\" href=\"https:\/\/emoble.es\/fr\/comment-mesurer-votre-radiateur\/\" \/>\n<meta property=\"og:locale\" content=\"fr_FR\" \/>\n<meta property=\"og:type\" content=\"article\" \/>\n<meta property=\"og:title\" content=\"Comment mesurer votre radiateur - Emoble\" \/>\n<meta property=\"og:description\" content=\"Mesurez votre radiateur en 4 \u00e9tapes. Chez Emoble nous vous expliquons comment mesurer votre radiateur pour fabriquer votre cache-radiateur sur mesure. En 4 \u00e9tapes faciles vous aurez les mesures !\" \/>\n<meta property=\"og:url\" content=\"https:\/\/emoble.es\/fr\/comment-mesurer-votre-radiateur\/\" \/>\n<meta property=\"og:site_name\" content=\"Emoble\" \/>\n<meta property=\"article:modified_time\" content=\"2022-04-27T05:44:42+00:00\" \/>\n<meta property=\"og:image\" content=\"https:\/\/emoble.es\/wp-content\/uploads\/2022\/04\/grafico_radiador.svg\" \/>\n<meta name=\"twitter:card\" content=\"summary_large_image\" \/>\n<meta name=\"twitter:label1\" content=\"Dur\u00e9e de lecture estim\u00e9e\" \/>\n\t<meta name=\"twitter:data1\" content=\"1 minute\" \/>\n<script type=\"application\/ld+json\" class=\"yoast-schema-graph\">{\"@context\":\"https:\\\/\\\/schema.org\",\"@graph\":[{\"@type\":\"WebPage\",\"@id\":\"https:\\\/\\\/emoble.es\\\/fr\\\/comment-mesurer-votre-radiateur\\\/\",\"url\":\"https:\\\/\\\/emoble.es\\\/fr\\\/comment-mesurer-votre-radiateur\\\/\",\"name\":\"Comment mesurer votre radiateur - Emoble\",\"isPartOf\":{\"@id\":\"https:\\\/\\\/emoble.es\\\/fr\\\/#website\"},\"primaryImageOfPage\":{\"@id\":\"https:\\\/\\\/emoble.es\\\/fr\\\/comment-mesurer-votre-radiateur\\\/#primaryimage\"},\"image\":{\"@id\":\"https:\\\/\\\/emoble.es\\\/fr\\\/comment-mesurer-votre-radiateur\\\/#primaryimage\"},\"thumbnailUrl\":\"https:\\\/\\\/emoble.es\\\/wp-content\\\/uploads\\\/2022\\\/04\\\/grafico_radiador.svg\",\"datePublished\":\"2022-03-31T18:19:37+00:00\",\"dateModified\":\"2022-04-27T05:44:42+00:00\",\"description\":\"Mesurez votre radiateur en 4 \u00e9tapes. Chez Emoble nous vous expliquons comment mesurer votre radiateur pour fabriquer votre cache-radiateur sur mesure. En 4 \u00e9tapes faciles vous aurez les mesures !\",\"breadcrumb\":{\"@id\":\"https:\\\/\\\/emoble.es\\\/fr\\\/comment-mesurer-votre-radiateur\\\/#breadcrumb\"},\"inLanguage\":\"fr-FR\",\"potentialAction\":[{\"@type\":\"ReadAction\",\"target\":[\"https:\\\/\\\/emoble.es\\\/fr\\\/comment-mesurer-votre-radiateur\\\/\"]}]},{\"@type\":\"ImageObject\",\"inLanguage\":\"fr-FR\",\"@id\":\"https:\\\/\\\/emoble.es\\\/fr\\\/comment-mesurer-votre-radiateur\\\/#primaryimage\",\"url\":\"https:\\\/\\\/emoble.es\\\/wp-content\\\/uploads\\\/2022\\\/04\\\/grafico_radiador.svg\",\"contentUrl\":\"https:\\\/\\\/emoble.es\\\/wp-content\\\/uploads\\\/2022\\\/04\\\/grafico_radiador.svg\"},{\"@type\":\"BreadcrumbList\",\"@id\":\"https:\\\/\\\/emoble.es\\\/fr\\\/comment-mesurer-votre-radiateur\\\/#breadcrumb\",\"itemListElement\":[{\"@type\":\"ListItem\",\"position\":1,\"name\":\"Portada\",\"item\":\"https:\\\/\\\/emoble.es\\\/fr\\\/couvertures-de-radiateur-personnalisees-en-ligne-emoble-es\\\/\"},{\"@type\":\"ListItem\",\"position\":2,\"name\":\"Comment mesurer votre radiateur\"}]},{\"@type\":\"WebSite\",\"@id\":\"https:\\\/\\\/emoble.es\\\/fr\\\/#website\",\"url\":\"https:\\\/\\\/emoble.es\\\/fr\\\/\",\"name\":\"Emoble\",\"description\":\"Cubreradiadores a medida online - Emoble.es\",\"publisher\":{\"@id\":\"https:\\\/\\\/emoble.es\\\/fr\\\/#organization\"},\"potentialAction\":[{\"@type\":\"SearchAction\",\"target\":{\"@type\":\"EntryPoint\",\"urlTemplate\":\"https:\\\/\\\/emoble.es\\\/fr\\\/?s={search_term_string}\"},\"query-input\":{\"@type\":\"PropertyValueSpecification\",\"valueRequired\":true,\"valueName\":\"search_term_string\"}}],\"inLanguage\":\"fr-FR\"},{\"@type\":\"Organization\",\"@id\":\"https:\\\/\\\/emoble.es\\\/fr\\\/#organization\",\"name\":\"Emoble\",\"url\":\"https:\\\/\\\/emoble.es\\\/fr\\\/\",\"logo\":{\"@type\":\"ImageObject\",\"inLanguage\":\"fr-FR\",\"@id\":\"https:\\\/\\\/emoble.es\\\/fr\\\/#\\\/schema\\\/logo\\\/image\\\/\",\"url\":\"https:\\\/\\\/emoble.es\\\/wp-content\\\/uploads\\\/2022\\\/03\\\/emoble_logo_positivo.svg\",\"contentUrl\":\"https:\\\/\\\/emoble.es\\\/wp-content\\\/uploads\\\/2022\\\/03\\\/emoble_logo_positivo.svg\",\"width\":486,\"height\":186,\"caption\":\"Emoble\"},\"image\":{\"@id\":\"https:\\\/\\\/emoble.es\\\/fr\\\/#\\\/schema\\\/logo\\\/image\\\/\"}}]}<\/script>\n<!-- \/ Yoast SEO plugin. -->","yoast_head_json":{"title":"Comment mesurer votre radiateur - Emoble","description":"Mesurez votre radiateur en 4 \u00e9tapes. Chez Emoble nous vous expliquons comment mesurer votre radiateur pour fabriquer votre cache-radiateur sur mesure. En 4 \u00e9tapes faciles vous aurez les mesures !","robots":{"index":"index","follow":"follow","max-snippet":"max-snippet:-1","max-image-preview":"max-image-preview:large","max-video-preview":"max-video-preview:-1"},"canonical":"https:\/\/emoble.es\/fr\/comment-mesurer-votre-radiateur\/","og_locale":"fr_FR","og_type":"article","og_title":"Comment mesurer votre radiateur - Emoble","og_description":"Mesurez votre radiateur en 4 \u00e9tapes. Chez Emoble nous vous expliquons comment mesurer votre radiateur pour fabriquer votre cache-radiateur sur mesure. En 4 \u00e9tapes faciles vous aurez les mesures !","og_url":"https:\/\/emoble.es\/fr\/comment-mesurer-votre-radiateur\/","og_site_name":"Emoble","article_modified_time":"2022-04-27T05:44:42+00:00","og_image":[{"url":"https:\/\/emoble.es\/wp-content\/uploads\/2022\/04\/grafico_radiador.svg","type":"","width":"","height":""}],"twitter_card":"summary_large_image","twitter_misc":{"Dur\u00e9e de lecture estim\u00e9e":"1 minute"},"schema":{"@context":"https:\/\/schema.org","@graph":[{"@type":"WebPage","@id":"https:\/\/emoble.es\/fr\/comment-mesurer-votre-radiateur\/","url":"https:\/\/emoble.es\/fr\/comment-mesurer-votre-radiateur\/","name":"Comment mesurer votre radiateur - Emoble","isPartOf":{"@id":"https:\/\/emoble.es\/fr\/#website"},"primaryImageOfPage":{"@id":"https:\/\/emoble.es\/fr\/comment-mesurer-votre-radiateur\/#primaryimage"},"image":{"@id":"https:\/\/emoble.es\/fr\/comment-mesurer-votre-radiateur\/#primaryimage"},"thumbnailUrl":"https:\/\/emoble.es\/wp-content\/uploads\/2022\/04\/grafico_radiador.svg","datePublished":"2022-03-31T18:19:37+00:00","dateModified":"2022-04-27T05:44:42+00:00","description":"Mesurez votre radiateur en 4 \u00e9tapes. Chez Emoble nous vous expliquons comment mesurer votre radiateur pour fabriquer votre cache-radiateur sur mesure. En 4 \u00e9tapes faciles vous aurez les mesures !","breadcrumb":{"@id":"https:\/\/emoble.es\/fr\/comment-mesurer-votre-radiateur\/#breadcrumb"},"inLanguage":"fr-FR","potentialAction":[{"@type":"ReadAction","target":["https:\/\/emoble.es\/fr\/comment-mesurer-votre-radiateur\/"]}]},{"@type":"ImageObject","inLanguage":"fr-FR","@id":"https:\/\/emoble.es\/fr\/comment-mesurer-votre-radiateur\/#primaryimage","url":"https:\/\/emoble.es\/wp-content\/uploads\/2022\/04\/grafico_radiador.svg","contentUrl":"https:\/\/emoble.es\/wp-content\/uploads\/2022\/04\/grafico_radiador.svg"},{"@type":"BreadcrumbList","@id":"https:\/\/emoble.es\/fr\/comment-mesurer-votre-radiateur\/#breadcrumb","itemListElement":[{"@type":"ListItem","position":1,"name":"Portada","item":"https:\/\/emoble.es\/fr\/couvertures-de-radiateur-personnalisees-en-ligne-emoble-es\/"},{"@type":"ListItem","position":2,"name":"Comment mesurer votre radiateur"}]},{"@type":"WebSite","@id":"https:\/\/emoble.es\/fr\/#website","url":"https:\/\/emoble.es\/fr\/","name":"Emoble","description":"Cubreradiadores a medida online - Emoble.es","publisher":{"@id":"https:\/\/emoble.es\/fr\/#organization"},"potentialAction":[{"@type":"SearchAction","target":{"@type":"EntryPoint","urlTemplate":"https:\/\/emoble.es\/fr\/?s={search_term_string}"},"query-input":{"@type":"PropertyValueSpecification","valueRequired":true,"valueName":"search_term_string"}}],"inLanguage":"fr-FR"},{"@type":"Organization","@id":"https:\/\/emoble.es\/fr\/#organization","name":"Emoble","url":"https:\/\/emoble.es\/fr\/","logo":{"@type":"ImageObject","inLanguage":"fr-FR","@id":"https:\/\/emoble.es\/fr\/#\/schema\/logo\/image\/","url":"https:\/\/emoble.es\/wp-content\/uploads\/2022\/03\/emoble_logo_positivo.svg","contentUrl":"https:\/\/emoble.es\/wp-content\/uploads\/2022\/03\/emoble_logo_positivo.svg","width":486,"height":186,"caption":"Emoble"},"image":{"@id":"https:\/\/emoble.es\/fr\/#\/schema\/logo\/image\/"}}]}},"acf":[],"_links":{"self":[{"href":"https:\/\/emoble.es\/fr\/wp-json\/wp\/v2\/pages\/9067","targetHints":{"allow":["GET"]}}],"collection":[{"href":"https:\/\/emoble.es\/fr\/wp-json\/wp\/v2\/pages"}],"about":[{"href":"https:\/\/emoble.es\/fr\/wp-json\/wp\/v2\/types\/page"}],"author":[{"embeddable":true,"href":"https:\/\/emoble.es\/fr\/wp-json\/wp\/v2\/users\/1"}],"replies":[{"embeddable":true,"href":"https:\/\/emoble.es\/fr\/wp-json\/wp\/v2\/comments?post=9067"}],"version-history":[{"count":3,"href":"https:\/\/emoble.es\/fr\/wp-json\/wp\/v2\/pages\/9067\/revisions"}],"predecessor-version":[{"id":9070,"href":"https:\/\/emoble.es\/fr\/wp-json\/wp\/v2\/pages\/9067\/revisions\/9070"}],"wp:attachment":[{"href":"https:\/\/emoble.es\/fr\/wp-json\/wp\/v2\/media?parent=9067"}],"curies":[{"name":"wp","href":"https:\/\/api.w.org\/{rel}","templated":true}]}}