{"id":9063,"date":"2022-04-01T06:34:36","date_gmt":"2022-04-01T04:34:36","guid":{"rendered":"https:\/\/emoble.es\/comment-installer-votre-cache-radiateur\/"},"modified":"2022-04-27T07:40:14","modified_gmt":"2022-04-27T05:40:14","slug":"comment-installer-votre-cache-radiateur","status":"publish","type":"page","link":"https:\/\/emoble.es\/fr\/comment-installer-votre-cache-radiateur\/","title":{"rendered":"Comment installer votre cache-radiateur"},"content":{"rendered":"<p>Aider<\/p>\n<h2>Comment installer votre cache-radiateur<\/h2>\n<h2>Instructions pour l&rsquo;installation d&rsquo;un cache-radiateur<\/h2>\n<p>\t\tL&rsquo;installation des couvre-radiateurs Emoble est tr\u00e8s simple et vous n&rsquo;avez pratiquement besoin d&rsquo;aucun outil, juste une perceuse et un peu. Suivez les instructions ci-dessous et en 15 minutes vous aurez votre cache-radiateur parfaitement install\u00e9.\t\t<\/p>\n<h5>1. Mesurez le cache du radiateur<\/h5>\n<p>\t\t\t\t\t\t\t\t\t\t\t\t\t\t\t\t<a href=\"https:\/\/emoble.es\/wp-content\/uploads\/2022\/04\/medir-radiador.png\" data-elementor-open-lightbox=\"yes\" data-elementor-lightbox-title=\"medir-radiador\" e-action-hash=\"#elementor-action%3Aaction%3Dlightbox%26settings%3DeyJpZCI6MTMzNSwidXJsIjoiaHR0cHM6XC9cL2Vtb2JsZS5lc1wvd3AtY29udGVudFwvdXBsb2Fkc1wvMjAyMlwvMDRcL21lZGlyLXJhZGlhZG9yLnBuZyJ9\"><br \/>\n\t\t\t\t\t\t\t<img loading=\"lazy\" decoding=\"async\" width=\"687\" height=\"606\" src=\"https:\/\/emoble.es\/wp-content\/uploads\/2022\/04\/medir-radiador.png\" alt=\"\" loading=\"lazy\" srcset=\"https:\/\/emoble.es\/wp-content\/uploads\/2022\/04\/medir-radiador.png 687w, https:\/\/emoble.es\/wp-content\/uploads\/2022\/04\/medir-radiador-300x265.png 300w\" sizes=\"auto, (max-width: 687px) 100vw, 687px\" \/>\t\t\t\t\t\t\t\t<\/a><br \/>\n\t\tMesurez de l&rsquo;extr\u00eame gauche \u00e0 l&rsquo;extr\u00eame droite (englobant les robinets, le r\u00e9gulateur et les tuyaux) et marquez le centre.\t\t<\/p>\n<h5>2. Mod\u00e8le de prise en charge<\/h5>\n<p>\t\t\t\t\t\t\t\t\t\t\t\t\t\t\t\t<a href=\"https:\/\/emoble.es\/wp-content\/uploads\/2022\/04\/instalar-cubreradiador-apoyar-plantilla.png\" data-elementor-open-lightbox=\"yes\" data-elementor-lightbox-title=\"instalar-cubreradiador-apoyar-plantilla\" e-action-hash=\"#elementor-action%3Aaction%3Dlightbox%26settings%3DeyJpZCI6MTMzNiwidXJsIjoiaHR0cHM6XC9cL2Vtb2JsZS5lc1wvd3AtY29udGVudFwvdXBsb2Fkc1wvMjAyMlwvMDRcL2luc3RhbGFyLWN1YnJlcmFkaWFkb3ItYXBveWFyLXBsYW50aWxsYS5wbmcifQ%3D%3D\"><br \/>\n\t\t\t\t\t\t\t<img loading=\"lazy\" decoding=\"async\" width=\"790\" height=\"611\" src=\"https:\/\/emoble.es\/wp-content\/uploads\/2022\/04\/instalar-cubreradiador-apoyar-plantilla.png\" alt=\"\" loading=\"lazy\" srcset=\"https:\/\/emoble.es\/wp-content\/uploads\/2022\/04\/instalar-cubreradiador-apoyar-plantilla.png 790w, https:\/\/emoble.es\/wp-content\/uploads\/2022\/04\/instalar-cubreradiador-apoyar-plantilla-300x232.png 300w, https:\/\/emoble.es\/wp-content\/uploads\/2022\/04\/instalar-cubreradiador-apoyar-plantilla-768x594.png 768w\" sizes=\"auto, (max-width: 790px) 100vw, 790px\" \/>\t\t\t\t\t\t\t\t<\/a><br \/>\n\t\tPliez le gabarit et placez-le sur le radiateur pr\u00e8s du mur, en pla\u00e7ant la fl\u00e8che au centre de la mesure pr\u00e9c\u00e9dente.\t\t<\/p>\n<h5>3. Marquez avec un crayon et percez<\/h5>\n<p>\t\t\t\t\t\t\t\t\t\t\t\t\t\t\t\t<a href=\"https:\/\/emoble.es\/wp-content\/uploads\/2022\/04\/instalar-cubreradiador-marcar-taladrar.png\" data-elementor-open-lightbox=\"yes\" data-elementor-lightbox-title=\"instalar-cubreradiador-marcar-taladrar\" e-action-hash=\"#elementor-action%3Aaction%3Dlightbox%26settings%3DeyJpZCI6MTM0MywidXJsIjoiaHR0cHM6XC9cL2Vtb2JsZS5lc1wvd3AtY29udGVudFwvdXBsb2Fkc1wvMjAyMlwvMDRcL2luc3RhbGFyLWN1YnJlcmFkaWFkb3ItbWFyY2FyLXRhbGFkcmFyLnBuZyJ9\"><br \/>\n\t\t\t\t\t\t\t<img loading=\"lazy\" decoding=\"async\" width=\"800\" height=\"410\" src=\"https:\/\/emoble.es\/wp-content\/uploads\/2022\/04\/instalar-cubreradiador-marcar-taladrar.png\" alt=\"\" loading=\"lazy\" srcset=\"https:\/\/emoble.es\/wp-content\/uploads\/2022\/04\/instalar-cubreradiador-marcar-taladrar.png 922w, https:\/\/emoble.es\/wp-content\/uploads\/2022\/04\/instalar-cubreradiador-marcar-taladrar-300x154.png 300w, https:\/\/emoble.es\/wp-content\/uploads\/2022\/04\/instalar-cubreradiador-marcar-taladrar-768x394.png 768w\" sizes=\"auto, (max-width: 800px) 100vw, 800px\" \/>\t\t\t\t\t\t\t\t<\/a><br \/>\n\t\tMarquez les trous du gabarit avec un crayon, v\u00e9rifiez que le gabarit repose bien sur le radiateur et le mur. Percez ensuite avec une m\u00e8che de 8 mm et placez les chevilles avec le boulon \u00e0 \u0153il jusqu&rsquo;\u00e0 ce que la rondelle s&rsquo;arr\u00eate.\t\t<\/p>\n<h5>4. Mesurez le cache du radiateur<\/h5>\n<p>\t\t\t\t\t\t\t\t\t\t\t\t\t\t\t\t<a href=\"https:\/\/emoble.es\/wp-content\/uploads\/2022\/04\/medir-radiador.png\" data-elementor-open-lightbox=\"yes\" data-elementor-lightbox-title=\"medir-radiador\" e-action-hash=\"#elementor-action%3Aaction%3Dlightbox%26settings%3DeyJpZCI6MTMzNSwidXJsIjoiaHR0cHM6XC9cL2Vtb2JsZS5lc1wvd3AtY29udGVudFwvdXBsb2Fkc1wvMjAyMlwvMDRcL21lZGlyLXJhZGlhZG9yLnBuZyJ9\"><br \/>\n\t\t\t\t\t\t\t<img loading=\"lazy\" decoding=\"async\" width=\"687\" height=\"606\" src=\"https:\/\/emoble.es\/wp-content\/uploads\/2022\/04\/medir-radiador.png\" alt=\"\" loading=\"lazy\" srcset=\"https:\/\/emoble.es\/wp-content\/uploads\/2022\/04\/medir-radiador.png 687w, https:\/\/emoble.es\/wp-content\/uploads\/2022\/04\/medir-radiador-300x265.png 300w\" sizes=\"auto, (max-width: 687px) 100vw, 687px\" \/>\t\t\t\t\t\t\t\t<\/a><br \/>\n\t\tMesurez de l&rsquo;extr\u00eame gauche \u00e0 l&rsquo;extr\u00eame droite (englobant les robinets, le r\u00e9gulateur et les tuyaux) et marquez le centre.<br \/>\n\t\t\tSi vous avez des questions, consultez le document<br \/> comment mesurer et enregistrer vos mesures<br \/>\n\t\tT\u00e9l\u00e9chargez et imprimez le document sur la fa\u00e7on de mesurer votre radiateur, dans lequel vous pouvez noter les mesures et de cette fa\u00e7on, il sera plus confortable lors de la demande d&rsquo;un devis.<br \/>\n\t\t\t<a href=\"https:\/\/emoble.es\/wp-content\/uploads\/2022\/04\/como-medir-tu-radiador-emoble.pdf\" target=\"_blank\" rel=\"nofollow noopener\">T\u00e9l\u00e9charger le guide<\/a><br \/>\n\t\tDocument au format PDF Adobe Acrobat [1 .1 MB]<\/p>\n","protected":false},"excerpt":{"rendered":"<p>Aider Comment installer votre cache-radiateur Instructions pour l&rsquo;installation d&rsquo;un cache-radiateur L&rsquo;installation des couvre-radiateurs Emoble est tr\u00e8s simple et vous n&rsquo;avez pratiquement besoin d&rsquo;aucun outil, juste une perceuse et un peu. Suivez les instructions ci-dessous et en 15 minutes vous aurez votre cache-radiateur parfaitement install\u00e9. 1. Mesurez le cache du radiateur Mesurez de l&rsquo;extr\u00eame gauche \u00e0 [&hellip;]<\/p>\n","protected":false},"author":1,"featured_media":0,"parent":0,"menu_order":0,"comment_status":"closed","ping_status":"closed","template":"","meta":{"inline_featured_image":false,"ngg_post_thumbnail":0,"footnotes":""},"class_list":["post-9063","page","type-page","status-publish","hentry"],"yoast_head":"<!-- This site is optimized with the Yoast SEO plugin v27.4 - https:\/\/yoast.com\/product\/yoast-seo-wordpress\/ -->\n<title>Comment installer votre cache-radiateur - Emoble<\/title>\n<meta name=\"description\" content=\"Comment installer un cache-radiateur, tutoriel \u00e9tape par \u00e9tape et liste des questions fr\u00e9quemment pos\u00e9es pour pouvoir installer un cache-radiateur de mani\u00e8re simple\" \/>\n<meta name=\"robots\" content=\"index, follow, max-snippet:-1, max-image-preview:large, max-video-preview:-1\" \/>\n<link rel=\"canonical\" href=\"https:\/\/emoble.es\/fr\/comment-installer-votre-cache-radiateur\/\" \/>\n<meta property=\"og:locale\" content=\"fr_FR\" \/>\n<meta property=\"og:type\" content=\"article\" \/>\n<meta property=\"og:title\" content=\"Comment installer votre cache-radiateur - Emoble\" \/>\n<meta property=\"og:description\" content=\"Comment installer un cache-radiateur, tutoriel \u00e9tape par \u00e9tape et liste des questions fr\u00e9quemment pos\u00e9es pour pouvoir installer un cache-radiateur de mani\u00e8re simple\" \/>\n<meta property=\"og:url\" content=\"https:\/\/emoble.es\/fr\/comment-installer-votre-cache-radiateur\/\" \/>\n<meta property=\"og:site_name\" content=\"Emoble\" \/>\n<meta property=\"article:modified_time\" content=\"2022-04-27T05:40:14+00:00\" \/>\n<meta property=\"og:image\" content=\"https:\/\/emoble.es\/wp-content\/uploads\/2022\/04\/medir-radiador.png\" \/>\n<meta name=\"twitter:card\" content=\"summary_large_image\" \/>\n<meta name=\"twitter:label1\" content=\"Dur\u00e9e de lecture estim\u00e9e\" \/>\n\t<meta name=\"twitter:data1\" content=\"1 minute\" \/>\n<script type=\"application\/ld+json\" class=\"yoast-schema-graph\">{\"@context\":\"https:\\\/\\\/schema.org\",\"@graph\":[{\"@type\":\"WebPage\",\"@id\":\"https:\\\/\\\/emoble.es\\\/fr\\\/comment-installer-votre-cache-radiateur\\\/\",\"url\":\"https:\\\/\\\/emoble.es\\\/fr\\\/comment-installer-votre-cache-radiateur\\\/\",\"name\":\"Comment installer votre cache-radiateur - Emoble\",\"isPartOf\":{\"@id\":\"https:\\\/\\\/emoble.es\\\/fr\\\/#website\"},\"primaryImageOfPage\":{\"@id\":\"https:\\\/\\\/emoble.es\\\/fr\\\/comment-installer-votre-cache-radiateur\\\/#primaryimage\"},\"image\":{\"@id\":\"https:\\\/\\\/emoble.es\\\/fr\\\/comment-installer-votre-cache-radiateur\\\/#primaryimage\"},\"thumbnailUrl\":\"https:\\\/\\\/emoble.es\\\/wp-content\\\/uploads\\\/2022\\\/04\\\/medir-radiador.png\",\"datePublished\":\"2022-04-01T04:34:36+00:00\",\"dateModified\":\"2022-04-27T05:40:14+00:00\",\"description\":\"Comment installer un cache-radiateur, tutoriel \u00e9tape par \u00e9tape et liste des questions fr\u00e9quemment pos\u00e9es pour pouvoir installer un cache-radiateur de mani\u00e8re simple\",\"breadcrumb\":{\"@id\":\"https:\\\/\\\/emoble.es\\\/fr\\\/comment-installer-votre-cache-radiateur\\\/#breadcrumb\"},\"inLanguage\":\"fr-FR\",\"potentialAction\":[{\"@type\":\"ReadAction\",\"target\":[\"https:\\\/\\\/emoble.es\\\/fr\\\/comment-installer-votre-cache-radiateur\\\/\"]}]},{\"@type\":\"ImageObject\",\"inLanguage\":\"fr-FR\",\"@id\":\"https:\\\/\\\/emoble.es\\\/fr\\\/comment-installer-votre-cache-radiateur\\\/#primaryimage\",\"url\":\"https:\\\/\\\/emoble.es\\\/wp-content\\\/uploads\\\/2022\\\/04\\\/medir-radiador.png\",\"contentUrl\":\"https:\\\/\\\/emoble.es\\\/wp-content\\\/uploads\\\/2022\\\/04\\\/medir-radiador.png\"},{\"@type\":\"BreadcrumbList\",\"@id\":\"https:\\\/\\\/emoble.es\\\/fr\\\/comment-installer-votre-cache-radiateur\\\/#breadcrumb\",\"itemListElement\":[{\"@type\":\"ListItem\",\"position\":1,\"name\":\"Portada\",\"item\":\"https:\\\/\\\/emoble.es\\\/fr\\\/couvertures-de-radiateur-personnalisees-en-ligne-emoble-es\\\/\"},{\"@type\":\"ListItem\",\"position\":2,\"name\":\"Comment installer votre cache-radiateur\"}]},{\"@type\":\"WebSite\",\"@id\":\"https:\\\/\\\/emoble.es\\\/fr\\\/#website\",\"url\":\"https:\\\/\\\/emoble.es\\\/fr\\\/\",\"name\":\"Emoble\",\"description\":\"Cubreradiadores a medida online - Emoble.es\",\"publisher\":{\"@id\":\"https:\\\/\\\/emoble.es\\\/fr\\\/#organization\"},\"potentialAction\":[{\"@type\":\"SearchAction\",\"target\":{\"@type\":\"EntryPoint\",\"urlTemplate\":\"https:\\\/\\\/emoble.es\\\/fr\\\/?s={search_term_string}\"},\"query-input\":{\"@type\":\"PropertyValueSpecification\",\"valueRequired\":true,\"valueName\":\"search_term_string\"}}],\"inLanguage\":\"fr-FR\"},{\"@type\":\"Organization\",\"@id\":\"https:\\\/\\\/emoble.es\\\/fr\\\/#organization\",\"name\":\"Emoble\",\"url\":\"https:\\\/\\\/emoble.es\\\/fr\\\/\",\"logo\":{\"@type\":\"ImageObject\",\"inLanguage\":\"fr-FR\",\"@id\":\"https:\\\/\\\/emoble.es\\\/fr\\\/#\\\/schema\\\/logo\\\/image\\\/\",\"url\":\"https:\\\/\\\/emoble.es\\\/wp-content\\\/uploads\\\/2022\\\/03\\\/emoble_logo_positivo.svg\",\"contentUrl\":\"https:\\\/\\\/emoble.es\\\/wp-content\\\/uploads\\\/2022\\\/03\\\/emoble_logo_positivo.svg\",\"width\":486,\"height\":186,\"caption\":\"Emoble\"},\"image\":{\"@id\":\"https:\\\/\\\/emoble.es\\\/fr\\\/#\\\/schema\\\/logo\\\/image\\\/\"}}]}<\/script>\n<!-- \/ Yoast SEO plugin. -->","yoast_head_json":{"title":"Comment installer votre cache-radiateur - Emoble","description":"Comment installer un cache-radiateur, tutoriel \u00e9tape par \u00e9tape et liste des questions fr\u00e9quemment pos\u00e9es pour pouvoir installer un cache-radiateur de mani\u00e8re simple","robots":{"index":"index","follow":"follow","max-snippet":"max-snippet:-1","max-image-preview":"max-image-preview:large","max-video-preview":"max-video-preview:-1"},"canonical":"https:\/\/emoble.es\/fr\/comment-installer-votre-cache-radiateur\/","og_locale":"fr_FR","og_type":"article","og_title":"Comment installer votre cache-radiateur - Emoble","og_description":"Comment installer un cache-radiateur, tutoriel \u00e9tape par \u00e9tape et liste des questions fr\u00e9quemment pos\u00e9es pour pouvoir installer un cache-radiateur de mani\u00e8re simple","og_url":"https:\/\/emoble.es\/fr\/comment-installer-votre-cache-radiateur\/","og_site_name":"Emoble","article_modified_time":"2022-04-27T05:40:14+00:00","og_image":[{"url":"https:\/\/emoble.es\/wp-content\/uploads\/2022\/04\/medir-radiador.png","type":"","width":"","height":""}],"twitter_card":"summary_large_image","twitter_misc":{"Dur\u00e9e de lecture estim\u00e9e":"1 minute"},"schema":{"@context":"https:\/\/schema.org","@graph":[{"@type":"WebPage","@id":"https:\/\/emoble.es\/fr\/comment-installer-votre-cache-radiateur\/","url":"https:\/\/emoble.es\/fr\/comment-installer-votre-cache-radiateur\/","name":"Comment installer votre cache-radiateur - Emoble","isPartOf":{"@id":"https:\/\/emoble.es\/fr\/#website"},"primaryImageOfPage":{"@id":"https:\/\/emoble.es\/fr\/comment-installer-votre-cache-radiateur\/#primaryimage"},"image":{"@id":"https:\/\/emoble.es\/fr\/comment-installer-votre-cache-radiateur\/#primaryimage"},"thumbnailUrl":"https:\/\/emoble.es\/wp-content\/uploads\/2022\/04\/medir-radiador.png","datePublished":"2022-04-01T04:34:36+00:00","dateModified":"2022-04-27T05:40:14+00:00","description":"Comment installer un cache-radiateur, tutoriel \u00e9tape par \u00e9tape et liste des questions fr\u00e9quemment pos\u00e9es pour pouvoir installer un cache-radiateur de mani\u00e8re simple","breadcrumb":{"@id":"https:\/\/emoble.es\/fr\/comment-installer-votre-cache-radiateur\/#breadcrumb"},"inLanguage":"fr-FR","potentialAction":[{"@type":"ReadAction","target":["https:\/\/emoble.es\/fr\/comment-installer-votre-cache-radiateur\/"]}]},{"@type":"ImageObject","inLanguage":"fr-FR","@id":"https:\/\/emoble.es\/fr\/comment-installer-votre-cache-radiateur\/#primaryimage","url":"https:\/\/emoble.es\/wp-content\/uploads\/2022\/04\/medir-radiador.png","contentUrl":"https:\/\/emoble.es\/wp-content\/uploads\/2022\/04\/medir-radiador.png"},{"@type":"BreadcrumbList","@id":"https:\/\/emoble.es\/fr\/comment-installer-votre-cache-radiateur\/#breadcrumb","itemListElement":[{"@type":"ListItem","position":1,"name":"Portada","item":"https:\/\/emoble.es\/fr\/couvertures-de-radiateur-personnalisees-en-ligne-emoble-es\/"},{"@type":"ListItem","position":2,"name":"Comment installer votre cache-radiateur"}]},{"@type":"WebSite","@id":"https:\/\/emoble.es\/fr\/#website","url":"https:\/\/emoble.es\/fr\/","name":"Emoble","description":"Cubreradiadores a medida online - Emoble.es","publisher":{"@id":"https:\/\/emoble.es\/fr\/#organization"},"potentialAction":[{"@type":"SearchAction","target":{"@type":"EntryPoint","urlTemplate":"https:\/\/emoble.es\/fr\/?s={search_term_string}"},"query-input":{"@type":"PropertyValueSpecification","valueRequired":true,"valueName":"search_term_string"}}],"inLanguage":"fr-FR"},{"@type":"Organization","@id":"https:\/\/emoble.es\/fr\/#organization","name":"Emoble","url":"https:\/\/emoble.es\/fr\/","logo":{"@type":"ImageObject","inLanguage":"fr-FR","@id":"https:\/\/emoble.es\/fr\/#\/schema\/logo\/image\/","url":"https:\/\/emoble.es\/wp-content\/uploads\/2022\/03\/emoble_logo_positivo.svg","contentUrl":"https:\/\/emoble.es\/wp-content\/uploads\/2022\/03\/emoble_logo_positivo.svg","width":486,"height":186,"caption":"Emoble"},"image":{"@id":"https:\/\/emoble.es\/fr\/#\/schema\/logo\/image\/"}}]}},"acf":[],"_links":{"self":[{"href":"https:\/\/emoble.es\/fr\/wp-json\/wp\/v2\/pages\/9063","targetHints":{"allow":["GET"]}}],"collection":[{"href":"https:\/\/emoble.es\/fr\/wp-json\/wp\/v2\/pages"}],"about":[{"href":"https:\/\/emoble.es\/fr\/wp-json\/wp\/v2\/types\/page"}],"author":[{"embeddable":true,"href":"https:\/\/emoble.es\/fr\/wp-json\/wp\/v2\/users\/1"}],"replies":[{"embeddable":true,"href":"https:\/\/emoble.es\/fr\/wp-json\/wp\/v2\/comments?post=9063"}],"version-history":[{"count":3,"href":"https:\/\/emoble.es\/fr\/wp-json\/wp\/v2\/pages\/9063\/revisions"}],"predecessor-version":[{"id":9066,"href":"https:\/\/emoble.es\/fr\/wp-json\/wp\/v2\/pages\/9063\/revisions\/9066"}],"wp:attachment":[{"href":"https:\/\/emoble.es\/fr\/wp-json\/wp\/v2\/media?parent=9063"}],"curies":[{"name":"wp","href":"https:\/\/api.w.org\/{rel}","templated":true}]}}